{"id":803,"date":"2020-10-25T12:03:58","date_gmt":"2020-10-25T10:03:58","guid":{"rendered":"http:\/\/serialectrice.com\/?page_id=803"},"modified":"2025-03-14T21:01:16","modified_gmt":"2025-03-14T20:01:16","slug":"liste-des-livres-chroniques","status":"publish","type":"page","link":"https:\/\/serialectrice.com\/index.php\/liste-des-livres-chroniques\/","title":{"rendered":"Liste des livres chroniqu\u00e9s"},"content":{"rendered":"\n<p class=\"wp-block-paragraph\">Vous retrouverez sur cette page tous les livres chroniqu\u00e9s depuis le d\u00e9but du blog, class\u00e9s par auteur.<\/p>\n\n\n\n<p class=\"has-text-align-center wp-block-paragraph\"><a href=\"#A\">A<\/a> <a href=\"#B\">B<\/a> <a href=\"#C\">C<\/a> <a href=\"#D\">D<\/a> <a href=\"#E\">E<\/a> <a href=\"#F\">F<\/a> <a href=\"#G\">G<\/a> <a href=\"#H\">H<\/a> I <a href=\"#J\">J<\/a> <a href=\"#K\">K<\/a> <a href=\"#L\">L<\/a> <a href=\"#M\">M<\/a> <a href=\"#N\">N<\/a> <a href=\"#O\">O <\/a><a href=\"#P\">P<\/a> Q <a href=\"#R\">R<\/a> <a href=\"#S\">S<\/a> <a href=\"#T\">T<\/a> <a href=\"#U\">U<\/a> <a href=\"#V\">V<\/a> <a href=\"#W\">W<\/a> <a href=\"#X\">X<\/a> <a href=\"#Y\">Y<\/a> <a href=\"#Z\">Z<\/a><\/p>\n\n\n\n<h2 class=\"wp-block-heading\" id=\"A\">A<\/h2>\n\n\n\n<h4 class=\"wp-block-heading\">Abbs, Annabel<\/h4>\n\n\n\n<p class=\"wp-block-paragraph\"><a href=\"https:\/\/serialectrice.com\/index.php\/2022\/06\/06\/la-fille-de-joyce\/\">La fille de Joyce<\/a><\/p>\n\n\n\n<p class=\"wp-block-paragraph\"><a href=\"https:\/\/serialectrice.com\/index.php\/2024\/01\/13\/miss-eliza\/\">Miss Eliza<\/a><\/p>\n\n\n\n<h4 class=\"wp-block-heading\">Abel, Barbara<\/h4>\n\n\n\n<p class=\"wp-block-paragraph\"><a href=\"https:\/\/serialectrice.com\/index.php\/2022\/07\/10\/les-felures-_-barbara-abel\/\">Les f\u00ealures<\/a><\/p>\n\n\n\n<h4 class=\"wp-block-heading\">Adebami;, Adebayo<\/h4>\n\n\n\n<p class=\"wp-block-paragraph\"><a href=\"https:\/\/serialectrice.com\/index.php\/2023\/11\/03\/au-temps-des-damnes-et-des-benis-_-ayobami-adebayo\/\">Au temps des damn\u00e9s et des b\u00e9nis<\/a><\/p>\n\n\n\n<h4 class=\"wp-block-heading\">Adhemar, Maylis<\/h4>\n\n\n\n<p class=\"wp-block-paragraph\"><a href=\"https:\/\/serialectrice.com\/index.php\/2024\/07\/23\/la-grande-ourse\/\">La grande ourse<\/a><\/p>\n\n\n\n<h4 class=\"wp-block-heading\">Aegsdottir, Eva Bjorg<\/h4>\n\n\n\n<p class=\"wp-block-paragraph\">Elma (\u00e0 venir)<\/p>\n\n\n\n<h4 class=\"wp-block-heading\">Alder-Olsen, Jussi<\/h4>\n\n\n\n<p class=\"wp-block-paragraph\"><a href=\"https:\/\/serialectrice.com\/index.php\/2023\/02\/08\/sel-jussi-adler-olsen\/\">Sel<\/a><\/p>\n\n\n\n<h4 class=\"wp-block-heading\">Alix, C\u00e9cile<\/h4>\n\n\n\n<p class=\"wp-block-paragraph\"><a href=\"https:\/\/serialectrice.com\/index.php\/2023\/08\/09\/regarder-l-orage-dans-les-yeux\/\">Regarder l&rsquo;orage dans les yeux<\/a><\/p>\n\n\n\n<h4 class=\"wp-block-heading\">Andrea, Jean-Baptiste<\/h4>\n\n\n\n<p class=\"wp-block-paragraph\"><a href=\"https:\/\/serialectrice.com\/index.php\/2024\/10\/09\/veiller-sur-elle\/\">Veiller sur elle<\/a><\/p>\n\n\n\n<h4 class=\"wp-block-heading\">Antoine, Am\u00e9lie<\/h4>\n\n\n\n<p class=\"wp-block-paragraph\">L<a href=\"https:\/\/serialectrice.com\/index.php\/2021\/11\/12\/le-bonheur-l-emportera\/\">e bonheur l&#8217;emportera<\/a><\/p>\n\n\n\n<p class=\"wp-block-paragraph\"><a href=\"https:\/\/serialectrice.com\/index.php\/2022\/12\/20\/pourquoi-tu-pleures-_-amelie-antoine\/\">Pourquoi tu pleures ?<\/a><\/p>\n\n\n\n<p class=\"wp-block-paragraph\"><a href=\"https:\/\/serialectrice.com\/index.php\/2024\/04\/04\/un-enfant-sans-histoires\/\">Un enfant sans histoire(s)<\/a><\/p>\n\n\n\n<p class=\"wp-block-paragraph\"><a href=\"https:\/\/serialectrice.com\/index.php\/2025\/02\/22\/de-la-haut\/\">De l\u00e0-haut<\/a><\/p>\n\n\n\n<h4 class=\"wp-block-heading\">Arbo Parriente, Delphine<\/h4>\n\n\n\n<p class=\"wp-block-paragraph\"><a href=\"https:\/\/serialectrice.com\/index.php\/2021\/08\/09\/une-nuit-apres-nous-_-delphine-arbo-pariente\/\">Une nuit apr\u00e8s nous <\/a><\/p>\n\n\n\n<h4 class=\"wp-block-heading\">Arlidge, M-J<\/h4>\n\n\n\n<p class=\"wp-block-paragraph\"><a href=\"https:\/\/serialectrice.com\/index.php\/2021\/04\/23\/a-cache-cache-m-j-arlidge\/\">A cache-cache<\/a><\/p>\n\n\n\n<p class=\"wp-block-paragraph\"><a href=\"https:\/\/serialectrice.com\/index.php\/2022\/02\/12\/am-stram-gram\/\">Am-Stram-Gram<\/a><\/p>\n\n\n\n<h4 class=\"wp-block-heading\">Arikawa, Hiro<\/h4>\n\n\n\n<p class=\"wp-block-paragraph\"><a href=\"https:\/\/serialectrice.com\/index.php\/2022\/05\/06\/les-memoires-d-un-chat\/\">Les m\u00e9moires d&rsquo;un chat<\/a><\/p>\n\n\n\n<h4 class=\"wp-block-heading\">Assor, Abigail<\/h4>\n\n\n\n<p class=\"wp-block-paragraph\"><a href=\"https:\/\/serialectrice.com\/index.php\/2024\/10\/01\/la-nuit-de-david-_-abigail-assor\/\">La nuit de David<\/a><\/p>\n\n\n\n<h4 class=\"wp-block-heading\">Aubert, Charles<\/h4>\n\n\n\n<p class=\"wp-block-paragraph\"><a href=\"https:\/\/serialectrice.com\/index.php\/2020\/07\/26\/bleu-calypso-_-charles-aubert\/\">Bleu calypso<\/a><\/p>\n\n\n\n<p class=\"wp-block-paragraph\"><a href=\"https:\/\/serialectrice.com\/index.php\/2021\/06\/13\/rouge-tango-_-charles-aubert\/\">Rouge tango<\/a><\/p>\n\n\n\n<p class=\"wp-block-paragraph\"><a href=\"https:\/\/serialectrice.com\/index.php\/2021\/07\/10\/vert-samba-_-charles-aubert\/\">Vert samba <\/a><\/p>\n\n\n\n<p class=\"wp-block-paragraph\"><a href=\"https:\/\/serialectrice.com\/index.php\/2023\/11\/13\/danser-encore\/\">Danser encore<\/a><\/p>\n\n\n\n<h4 class=\"wp-block-heading\">Austin Freeman, Richard<\/h4>\n\n\n\n<p class=\"wp-block-paragraph\"><a href=\"https:\/\/serialectrice.com\/index.php\/2020\/11\/07\/lempreinte-de-sang-_-austin-freeman\/\">L&#8217;empreinte de sang<\/a> <\/p>\n\n\n\n<h4 class=\"wp-block-heading\">Avenel, Laure-Reine<\/h4>\n\n\n\n<p class=\"wp-block-paragraph\"><a href=\"https:\/\/serialectrice.com\/index.php\/2023\/05\/19\/le-bal-des-ogresses\/\">Le bal des ogresses<\/a><\/p>\n\n\n\n<h2 class=\"wp-block-heading\" id=\"B\">B<\/h2>\n\n\n\n<h4 class=\"wp-block-heading\">Badani, Sejal<\/h4>\n\n\n\n<p class=\"wp-block-paragraph\"><a href=\"https:\/\/serialectrice.com\/index.php\/2022\/02\/16\/la-passeuse-d-histoires\/\">La passeuse d&rsquo;histoires <\/a><\/p>\n\n\n\n<h4 class=\"wp-block-heading\">Badefort, Xavier<\/h4>\n\n\n\n<p class=\"wp-block-paragraph\"><a href=\"https:\/\/serialectrice.com\/index.php\/2022\/08\/25\/les-anges-des-terres-sauvages\/\">Les anges des terres sauvages<\/a><\/p>\n\n\n\n<h4 class=\"wp-block-heading\">Bakowski, Sol\u00e8ne<\/h4>\n\n\n\n<p class=\"wp-block-paragraph\"><a href=\"https:\/\/serialectrice.com\/index.php\/2024\/12\/01\/une-bonne-intention-_-solene-bakowski\/\">Une bonne intention<\/a><\/p>\n\n\n\n<h4 class=\"wp-block-heading\">Bal, Olivier<\/h4>\n\n\n\n<p class=\"wp-block-paragraph\"><a href=\"https:\/\/serialectrice.com\/index.php\/2024\/05\/23\/roches-de-sang-_-olivier-bal\/\">Roches de sang<\/a><\/p>\n\n\n\n<h4 class=\"wp-block-heading\">Bannel, C\u00e9dric<\/h4>\n\n\n\n<p class=\"wp-block-paragraph\"><a href=\"https:\/\/serialectrice.com\/index.php\/2023\/09\/02\/les-fantomes-de-kiev\/\">Les fant\u00f4mes de Kiev<\/a><\/p>\n\n\n\n<h4 class=\"wp-block-heading\">Baptiste, Fr\u00e9d\u00e9rique<\/h4>\n\n\n\n<p class=\"wp-block-paragraph\"><a href=\"https:\/\/serialectrice.com\/index.php\/2020\/07\/11\/amoureuses-_-frederic-baptiste\/\">Amoureuses<\/a><\/p>\n\n\n\n<h4 class=\"wp-block-heading\">Barbery, Muriel<\/h4>\n\n\n\n<p class=\"wp-block-paragraph\"><a href=\"https:\/\/serialectrice.com\/index.php\/2023\/09\/22\/une-rose-seule-_-muriel-barbery\/\">Une rose seule<\/a><\/p>\n\n\n\n<h4 class=\"wp-block-heading\">Barclay, Linwood<\/h4>\n\n\n\n<p class=\"wp-block-paragraph\"><a href=\"https:\/\/serialectrice.com\/index.php\/2021\/06\/11\/du-bruit-dans-la-nuit\/\">Du bruit dans la nuit<\/a><\/p>\n\n\n\n<h4 class=\"wp-block-heading\">Barjavel<\/h4>\n\n\n\n<p class=\"wp-block-paragraph\"><a href=\"https:\/\/serialectrice.com\/index.php\/2020\/06\/16\/une-rose-au-paradis-_-barjavel\/\">Une rose au paradis<\/a><\/p>\n\n\n\n<p class=\"wp-block-paragraph\"><a href=\"https:\/\/serialectrice.com\/index.php\/2022\/09\/29\/la-nuit-des-temps\/\">La nuit des temps<\/a><\/p>\n\n\n\n<h4 class=\"wp-block-heading\">Baron, Sylvie<\/h4>\n\n\n\n<p class=\"wp-block-paragraph\"><a href=\"https:\/\/serialectrice.com\/index.php\/2022\/06\/15\/le-cercle-des-derniers-libraires\/\">Le cercle des derniers libraires<\/a><\/p>\n\n\n\n<h4 class=\"wp-block-heading\">Beauchemin, Jean-Fran\u00e7ois<\/h4>\n\n\n\n<p class=\"wp-block-paragraph\"><a href=\"https:\/\/serialectrice.com\/index.php\/2024\/02\/17\/le-roitelet\/\">Le roitelet<\/a><\/p>\n\n\n\n<h4 class=\"wp-block-heading\">Beaulieu, Baptiste<\/h4>\n\n\n\n<p class=\"wp-block-paragraph\"><a href=\"https:\/\/serialectrice.com\/index.php\/2021\/09\/08\/celle-quil-attendait-_-baptiste-beaulieu\/\">Celle qu&rsquo;il attendait<\/a><\/p>\n\n\n\n<p class=\"wp-block-paragraph\"><a href=\"https:\/\/serialectrice.com\/index.php\/2024\/07\/11\/ou-vont-les-larmes-quand-elles-sechent\/\">O\u00f9 vont les larmes quand elles s\u00e8chent ?<\/a><\/p>\n\n\n\n<h4 class=\"wp-block-heading\">Beanland, Rachel<\/h4>\n\n\n\n<p class=\"wp-block-paragraph\"><a href=\"https:\/\/serialectrice.com\/index.php\/2024\/10\/13\/pour-que-brule-lespoir-_-rachel-beanland\/\">Pour que br\u00fble l&rsquo;espoir<\/a><\/p>\n\n\n\n<h4 class=\"wp-block-heading\">Beaton, M-C<\/h4>\n\n\n\n<p class=\"wp-block-paragraph\"><a href=\"https:\/\/serialectrice.com\/index.php\/2022\/03\/09\/pour-le-meilleur-et-pour-le-pire-_-m-c-beaton\/\">Pour le meilleur et pour le pire<\/a><\/p>\n\n\n\n<h4 class=\"wp-block-heading\">Ben Jelloun, Tahar<\/h4>\n\n\n\n<p class=\"wp-block-paragraph\"><a href=\"https:\/\/serialectrice.com\/index.php\/2022\/12\/12\/l-insomnie-tahar-ben-jelloun\/\">L&rsquo;insomnie<\/a><\/p>\n\n\n\n<h4 class=\"wp-block-heading\">Bengtsdotter, Lina<\/h4>\n\n\n\n<p class=\"wp-block-paragraph\"><a href=\"https:\/\/serialectrice.com\/index.php\/2021\/05\/26\/annabelle-_-lina-bengtsdotter\/\">Annabelle<\/a><\/p>\n\n\n\n<p class=\"wp-block-paragraph\"><a href=\"https:\/\/serialectrice.com\/index.php\/2021\/06\/07\/francesca-_-lina-bengtsdotter\/\">Francesca<\/a><\/p>\n\n\n\n<h4 class=\"wp-block-heading\">Benson, Jacquelyn<\/h4>\n\n\n\n<p class=\"wp-block-paragraph\"><a href=\"https:\/\/serialectrice.com\/index.php\/2024\/09\/03\/le-lys-de-feu\/\">Le lys de feu, T.1<\/a><\/p>\n\n\n\n<h4 class=\"wp-block-heading\">Beuglet, Nicolas<\/h4>\n\n\n\n<p class=\"wp-block-paragraph\"><a href=\"https:\/\/serialectrice.com\/index.php\/2021\/11\/10\/complot-_-nicolas-beuglet\/\">Complot<\/a><\/p>\n\n\n\n<p class=\"wp-block-paragraph\"><a href=\"https:\/\/serialectrice.com\/index.php\/2022\/01\/19\/lile-du-diable-_-nicolas-beuglet\/\">L&rsquo;\u00eele du diable<\/a><\/p>\n\n\n\n<p class=\"wp-block-paragraph\"><a href=\"https:\/\/serialectrice.com\/index.php\/2022\/03\/15\/le-dernier-message-_-nicolas-beuglet\/\">Le dernier message<\/a><\/p>\n\n\n\n<p class=\"wp-block-paragraph\"><a href=\"https:\/\/serialectrice.com\/index.php\/2025\/03\/05\/le-passager-sans-visage\/\">Le passager sans visage<\/a><\/p>\n\n\n\n<p class=\"wp-block-paragraph\"><a href=\"https:\/\/serialectrice.com\/index.php\/2024\/10\/11\/l-ultime-avertissement\/\">L&rsquo;ultime avertissement<\/a><\/p>\n\n\n\n<h4 class=\"wp-block-heading\">Berest, Anne<\/h4>\n\n\n\n<p class=\"wp-block-paragraph\"><a href=\"https:\/\/serialectrice.com\/index.php\/2022\/10\/06\/la-carte-postale\/\">La carte postale<\/a><\/p>\n\n\n\n<h4 class=\"wp-block-heading\">Besson, Philippe<\/h4>\n\n\n\n<p class=\"wp-block-paragraph\"><a href=\"https:\/\/serialectrice.com\/index.php\/2024\/04\/28\/ceci-n-est-pas-un-fait-divers\/\">Ceci n&rsquo;est pas un faits divers<\/a><\/p>\n\n\n\n<p class=\"wp-block-paragraph\"><a href=\"https:\/\/serialectrice.com\/index.php\/2024\/01\/17\/un-soir-d-ete-_-philippe-besson\/\">Un soir d&rsquo;\u00e9t\u00e9<\/a><\/p>\n\n\n\n<h4 class=\"wp-block-heading\">Biasotto, Matthieu<\/h4>\n\n\n\n<p class=\"wp-block-paragraph\"><a href=\"https:\/\/serialectrice.com\/index.php\/2020\/10\/20\/blanche-_-matthieu-biasotto\/\">Blanche<\/a><\/p>\n\n\n\n<h4 class=\"wp-block-heading\">Bilien, Delphine<\/h4>\n\n\n\n<p class=\"wp-block-paragraph\"><a href=\"https:\/\/serialectrice.com\/index.php\/2023\/04\/25\/george-sand-mene-l-enquete\/\">George Sand m\u00e8ne l&rsquo;enqu\u00eate<\/a><\/p>\n\n\n\n<h4 class=\"wp-block-heading\">Bois, Ariane<\/h4>\n\n\n\n<p class=\"wp-block-paragraph\"><a href=\"https:\/\/serialectrice.com\/index.php\/2021\/09\/12\/lile-aux-enfants-_-ariane-bois\/\">L&rsquo;ile aux enfants<\/a><\/p>\n\n\n\n<h4 class=\"wp-block-heading\">Bondoux, Anne-Laure<\/h4>\n\n\n\n<p class=\"wp-block-paragraph\"><a href=\"https:\/\/serialectrice.com\/index.php\/2021\/03\/07\/valentine-ou-la-belle-saison\/\">Valentine ou la belle saison<\/a><\/p>\n\n\n\n<h4 class=\"wp-block-heading\">Bottero, Pierre<\/h4>\n\n\n\n<p class=\"wp-block-paragraph\"><a href=\"https:\/\/serialectrice.com\/index.php\/2024\/11\/03\/la-quete-d-ewilan\/\">La qu\u00eate d&rsquo;Ewilan T.1 &#8211; BD<\/a><\/p>\n\n\n\n<h4 class=\"wp-block-heading\">Boudart, Anne<\/h4>\n\n\n\n<p class=\"wp-block-paragraph\"><a href=\"https:\/\/serialectrice.com\/index.php\/2023\/10\/12\/les-sombres-affaires-de-rosita-marcadet\/\">Les sombres affaires de Rosita Marcadet<\/a><\/p>\n\n\n\n<h4 class=\"wp-block-heading\">Bouquin, Ludovic<\/h4>\n\n\n\n<p class=\"wp-block-paragraph\"><a href=\"https:\/\/serialectrice.com\/index.php\/2024\/02\/27\/gateau-de-semoule-2-0\/\">Gateau de semoule 2.0<\/a><\/p>\n\n\n\n<h4 class=\"wp-block-heading\">Bradefort, Xavier<\/h4>\n\n\n\n<p class=\"wp-block-paragraph\"><a href=\"https:\/\/serialectrice.com\/index.php\/2022\/08\/25\/les-anges-des-terres-sauvages\/\">Les anges des terres sauvages<\/a><\/p>\n\n\n\n<h4 class=\"wp-block-heading\">Britain, Kristen<\/h4>\n\n\n\n<p class=\"wp-block-paragraph\">L<a href=\"https:\/\/serialectrice.com\/index.php\/2021\/08\/29\/cavalier-vert\/\">e cavalier vert T.1<\/a><\/p>\n\n\n\n<h4 class=\"wp-block-heading\">Bront\u00eb, Charlotte<\/h4>\n\n\n\n<p class=\"wp-block-paragraph\"><a href=\"https:\/\/serialectrice.com\/index.php\/2024\/01\/07\/jane-eyre\/\">Jane Eyre<\/a><\/p>\n\n\n\n<h4 class=\"wp-block-heading\">Brown, Dan<\/h4>\n\n\n\n<p class=\"wp-block-paragraph\"><a href=\"https:\/\/serialectrice.com\/index.php\/2020\/06\/23\/da-vinci-code-_-dan-brown\/\">Da Vinci Code<\/a><\/p>\n\n\n\n<h4 class=\"wp-block-heading\">Bry, David<\/h4>\n\n\n\n<p class=\"wp-block-paragraph\"><a href=\"https:\/\/serialectrice.com\/index.php\/2024\/03\/28\/le-chant-des-geants\/\">Le chant des g\u00e9ants<\/a><\/p>\n\n\n\n<h4 class=\"wp-block-heading\">Buchan, Elizabeth<\/h4>\n\n\n\n<p class=\"wp-block-paragraph\"><a href=\"https:\/\/serialectrice.com\/index.php\/2023\/10\/05\/le-musee-des-promesses-brisees\/\">Le mus\u00e9e des promesses bris\u00e9es<\/a><\/p>\n\n\n\n<h4 class=\"wp-block-heading\">Buniazet, Camille<\/h4>\n\n\n\n<p class=\"wp-block-paragraph\"><a href=\"https:\/\/serialectrice.com\/index.php\/2025\/01\/15\/tempete-en-mere\/\">Temp\u00eate en m\u00e8re<\/a><\/p>\n\n\n\n<h4 class=\"wp-block-heading\">Burr, Shelley<\/h4>\n\n\n\n<p class=\"wp-block-paragraph\"><a href=\"https:\/\/serialectrice.com\/index.php\/2023\/03\/08\/elle-n-avait-pas-dix-ans-_-shelley-burr\/\">Elle n&rsquo;avait pas dix ans<\/a><\/p>\n\n\n\n<h4 class=\"wp-block-heading\">Bussi, Michel<\/h4>\n\n\n\n<p class=\"wp-block-paragraph\"><a href=\"https:\/\/serialectrice.com\/index.php\/2020\/06\/28\/on-la-trouvait-plutot-jolie-_-michel-bussi\/\">On la trouvait plut\u00f4t jolie<\/a><\/p>\n\n\n\n<p class=\"wp-block-paragraph\"><a href=\"https:\/\/serialectrice.com\/index.php\/2020\/12\/29\/nympheas-noirs-_-michel-bussi\/\">Nymph\u00e9as noirs <\/a><\/p>\n\n\n\n<p class=\"wp-block-paragraph\"><a href=\"https:\/\/serialectrice.com\/index.php\/2021\/12\/04\/noublier-jamais-_-michel-bussi\/\">N&rsquo;oublier jamais<\/a><\/p>\n\n\n\n<p class=\"wp-block-paragraph\"><a href=\"https:\/\/serialectrice.com\/index.php\/2022\/02\/05\/le-temps-est-assassin\/\">Le temps est assassin<\/a><\/p>\n\n\n\n<p class=\"wp-block-paragraph\"><a href=\"https:\/\/serialectrice.com\/index.php\/2024\/11\/07\/les-assassins-de-l-aube\/\">Les assassins de l&rsquo;aube<\/a><\/p>\n\n\n\n<h2 class=\"wp-block-heading\" id=\"C\">C<\/h2>\n\n\n\n<h4 class=\"wp-block-heading\">Caboni, Cristina<\/h4>\n\n\n\n<p class=\"wp-block-paragraph\"><a href=\"https:\/\/serialectrice.com\/index.php\/2022\/05\/20\/la-maison-aux-miroirs\/\">La maison aux miroirs<\/a><\/p>\n\n\n\n<h4 class=\"wp-block-heading\">Cabrol, Marion<\/h4>\n\n\n\n<p class=\"wp-block-paragraph\"><a href=\"https:\/\/serialectrice.com\/index.php\/2020\/09\/08\/la-lionne-rouge-marion-cabrol\/\">La lionne rouge<\/a><\/p>\n\n\n\n<h4 class=\"wp-block-heading\">Calciura, Giosue<\/h4>\n\n\n\n<p class=\"wp-block-paragraph\"><a href=\"https:\/\/serialectrice.com\/index.php\/2023\/10\/10\/pantelleria\/\">Pantelleria, la derni\u00e8re \u00eele<\/a><\/p>\n\n\n\n<h4 class=\"wp-block-heading\">Callahan, Patti<\/h4>\n\n\n\n<p class=\"wp-block-paragraph\"><a href=\"https:\/\/serialectrice.com\/index.php\/2023\/07\/08\/a-un-souffle-du-passe-_-patti-callahan\/\">A un souffle du pass\u00e9<\/a><\/p>\n\n\n\n<h4 class=\"wp-block-heading\">Calmel, Mireille<\/h4>\n\n\n\n<p class=\"wp-block-paragraph\"><a href=\"https:\/\/serialectrice.com\/index.php\/2021\/04\/10\/la-fille-des-templiers\/\">La fille des templiers<\/a> T.1 <\/p>\n\n\n\n<h4 class=\"wp-block-heading\">Campos, Cristina<\/h4>\n\n\n\n<p class=\"wp-block-paragraph\"><a href=\"https:\/\/serialectrice.com\/index.php\/2023\/09\/14\/le-parfum-des-citronniers\/\">Le parfum des citronniers<\/a><\/p>\n\n\n\n<h4 class=\"wp-block-heading\">Cantaloube, Thomas<\/h4>\n\n\n\n<p class=\"wp-block-paragraph\"><a href=\"https:\/\/serialectrice.com\/index.php\/2024\/10\/31\/les-mouettes\/\">Les mouettes<\/a><\/p>\n\n\n\n<h4 class=\"wp-block-heading\">Cantor, Jullian<\/h4>\n\n\n\n<p class=\"wp-block-paragraph\"><a href=\"https:\/\/serialectrice.com\/index.php\/2023\/08\/07\/marie-et-marya\/\">Marie et Marya<\/a><\/p>\n\n\n\n<h4 class=\"wp-block-heading\">Carlier, St\u00e9phane<\/h4>\n\n\n\n<p class=\"wp-block-paragraph\"><a href=\"https:\/\/serialectrice.com\/index.php\/2024\/07\/04\/clara-lit-proust\/\">Clara lit Proust<\/a><\/p>\n\n\n\n<h4 class=\"wp-block-heading\">Carrisi, Donato<\/h4>\n\n\n\n<p class=\"wp-block-paragraph\"><a href=\"https:\/\/serialectrice.com\/index.php\/2020\/08\/13\/malefico-de-donato-carrisi\/\">Malefico<\/a><\/p>\n\n\n\n<p class=\"wp-block-paragraph\"><a href=\"https:\/\/serialectrice.com\/index.php\/2021\/08\/11\/le-chuchoteur-_-donata-carrisi\/\">Le chuchoteur<\/a><\/p>\n\n\n\n<h4 class=\"wp-block-heading\">Caro, Fabrice<\/h4>\n\n\n\n<p class=\"wp-block-paragraph\"><a href=\"https:\/\/serialectrice.com\/index.php\/2023\/10\/24\/samourai-_-fabrice-caro\/\">Samoura\u00ef<\/a><\/p>\n\n\n\n<h4 class=\"wp-block-heading\">Carquain, Sophie<\/h4>\n\n\n\n<p class=\"wp-block-paragraph\"><a href=\"https:\/\/serialectrice.com\/index.php\/2023\/09\/08\/le-roman-de-molly-n-_-sophie-carquain\/\">Le roman de molly N.<\/a><\/p>\n\n\n\n<h4 class=\"wp-block-heading\">Cassar Scalia, Cristina<\/h4>\n\n\n\n<p class=\"wp-block-paragraph\"><a href=\"https:\/\/serialectrice.com\/index.php\/2024\/03\/19\/sable-noir\/\">Sable noir<\/a><\/p>\n\n\n\n<h4 class=\"wp-block-heading\">Castel, Rose<\/h4>\n\n\n\n<p class=\"wp-block-paragraph\"><a href=\"https:\/\/serialectrice.com\/index.php\/2024\/01\/26\/aux-heures-sombres-de-la-tyrannie-_-rose-castelet\/\">Au heures sombres de la tyrannie<\/a><\/p>\n\n\n\n<h4 class=\"wp-block-heading\">Castel, Lucie<\/h4>\n\n\n\n<p class=\"wp-block-paragraph\"><a href=\"https:\/\/serialectrice.com\/index.php\/2023\/03\/30\/toutes-les-vies-d-alice\/\">Toutes les vies d&rsquo;Alice<\/a><\/p>\n\n\n\n<h4 class=\"wp-block-heading\">Castillo, Javier<\/h4>\n\n\n\n<p class=\"wp-block-paragraph\"><a href=\"https:\/\/serialectrice.com\/index.php\/2023\/09\/10\/la-petite-fille-sous-la-neige\/\">La petite fille sous la neige<\/a><\/p>\n\n\n\n<h4 class=\"wp-block-heading\">Caulier, Coralie<\/h4>\n\n\n\n<p class=\"wp-block-paragraph\">Les 12 travaux mythiquement merveilleux de Pernille<\/p>\n\n\n\n<h4 class=\"wp-block-heading\">Causse, Jean-Gabriel<\/h4>\n\n\n\n<p class=\"wp-block-paragraph\"><a href=\"https:\/\/serialectrice.com\/index.php\/2021\/10\/20\/les-crayons-de-couleur-_-jean-gabriel-causse\/\">Les crayons de couleur<\/a><\/p>\n\n\n\n<h4 class=\"wp-block-heading\">Cayol, Christine<\/h4>\n\n\n\n<p class=\"wp-block-paragraph\"><a href=\"https:\/\/serialectrice.com\/index.php\/2022\/10\/10\/l-amour-est-un-the-qui-infuse-lentement\/\">L&rsquo;amour est un th\u00e9 qui infuse lentement<\/a><\/p>\n\n\n\n<h4 class=\"wp-block-heading\">Cebeni, Valentina<\/h4>\n\n\n\n<p class=\"wp-block-paragraph\">La recette secr\u00e8te des r\u00eaves (\u00e0 venir)<\/p>\n\n\n\n<h4 class=\"wp-block-heading\">Chalandon, Sorj<\/h4>\n\n\n\n<p class=\"wp-block-paragraph\"><a href=\"https:\/\/serialectrice.com\/index.php\/2022\/04\/21\/profession-du-pere\/\">Profession du p\u00e8re<\/a><\/p>\n\n\n\n<h4 class=\"wp-block-heading\">Chance, Megan<\/h4>\n\n\n\n<p class=\"wp-block-paragraph\"><a href=\"https:\/\/serialectrice.com\/index.php\/2023\/01\/10\/la-berceuse-des-sorcieres-_-hester-fox\/\">La berceuse des sorci\u00e8res<\/a><\/p>\n\n\n\n<p class=\"wp-block-paragraph\"><a href=\"https:\/\/serialectrice.com\/index.php\/2023\/10\/18\/le-chant-dela-vengeance\/\">Le chant de la vengeance<\/a><\/p>\n\n\n\n<h4 class=\"wp-block-heading\">Chapman, Julia<\/h4>\n\n\n\n<p class=\"wp-block-paragraph\"><a href=\"https:\/\/serialectrice.com\/index.php\/2023\/10\/03\/rendez-vous-avec-le-crime\/\">Rendez-vous avec le crime , T.1<\/a><\/p>\n\n\n\n<h4 class=\"wp-block-heading\">Cherian, Anne<\/h4>\n\n\n\n<p class=\"wp-block-paragraph\"><a href=\"https:\/\/serialectrice.com\/index.php\/2023\/03\/11\/une-bonne-epouse-indienne-_-anne-cherian\/\">Une bonne \u00e9pouse indienne<\/a><\/p>\n\n\n\n<h4 class=\"wp-block-heading\">Chessex, Jacques<\/h4>\n\n\n\n<p class=\"wp-block-paragraph\"><a href=\"https:\/\/serialectrice.com\/index.php\/2020\/12\/19\/le-vampire-de-ropraz\/\">Le vampire de Ropraz<\/a> <\/p>\n\n\n\n<h4 class=\"wp-block-heading\">Christie, Agatha<\/h4>\n\n\n\n<p class=\"wp-block-paragraph\"><a href=\"https:\/\/serialectrice.com\/index.php\/2020\/09\/03\/mort-sur-le-nil\/\">Mort sur le Nil<\/a><\/p>\n\n\n\n<p class=\"wp-block-paragraph\"><a href=\"https:\/\/serialectrice.com\/index.php\/2021\/01\/31\/ils-etaient-dix-_-agatha-christie\/\">Ils \u00e9taient dix (Dix petits n\u00e8gres)<\/a><\/p>\n\n\n\n<p class=\"wp-block-paragraph\"><a href=\"https:\/\/serialectrice.com\/index.php\/2022\/08\/19\/un-meurtre-est-il-facile\/\">Un meurtre est-il facile ?<\/a><\/p>\n\n\n\n<h4 class=\"wp-block-heading\">Claudel, Philippe<\/h4>\n\n\n\n<p class=\"wp-block-paragraph\"><a href=\"https:\/\/serialectrice.com\/index.php\/2022\/12\/03\/la-petite-fille-de-monsieur-linh\/\">La petite fille de Monsieur Linh <\/a><\/p>\n\n\n\n<h4 class=\"wp-block-heading\">Coben, Harlan<\/h4>\n\n\n\n<p class=\"wp-block-paragraph\"><a href=\"https:\/\/serialectrice.com\/index.php\/2020\/11\/09\/ne-tenfuis-plus-harlan-coben\/\">Ne t&rsquo;enfuis plus<\/a> <\/p>\n\n\n\n<p class=\"wp-block-paragraph\"><a href=\"https:\/\/serialectrice.com\/index.php\/2020\/11\/23\/linconnu-de-la-foret\/\">L&rsquo;inconnu de la for\u00eat<\/a><\/p>\n\n\n\n<p class=\"wp-block-paragraph\"><a href=\"https:\/\/serialectrice.com\/index.php\/2021\/11\/17\/gagne-n-est-pas-jouer\/\">Gagner n&rsquo;est pas jouer<\/a><\/p>\n\n\n\n<p class=\"wp-block-paragraph\"><a href=\"https:\/\/serialectrice.com\/index.php\/2024\/12\/03\/mefie-toi-_-harlan-coben\/\">M\u00e9fie-toi<\/a><\/p>\n\n\n\n<h4 class=\"wp-block-heading\">Coelho, Paulo<\/h4>\n\n\n\n<p class=\"wp-block-paragraph\"><a href=\"https:\/\/serialectrice.com\/index.php\/2022\/04\/17\/sur-le-bord-de-la-riviere-piedra\/\">Sur le bord de la rivi\u00e8re Piedra je me suis assise et j&rsquo;ai pleur\u00e9<\/a><\/p>\n\n\n\n<h4 class=\"wp-block-heading\">Cole, Tillie<\/h4>\n\n\n\n<p class=\"wp-block-paragraph\"><a href=\"https:\/\/serialectrice.com\/index.php\/2024\/02\/25\/mille-baisers-pour-un-garcon\/\">Mille baisers pour un gar\u00e7on<\/a><\/p>\n\n\n\n<h4 class=\"wp-block-heading\">Colette<\/h4>\n\n\n\n<p class=\"wp-block-paragraph\"><a href=\"https:\/\/serialectrice.com\/index.php\/2021\/09\/17\/la-chatte-_-colette\/\">La chatte<\/a><\/p>\n\n\n\n<p class=\"wp-block-paragraph\"><a href=\"https:\/\/serialectrice.com\/index.php\/2023\/09\/18\/sido\/\">Sido<\/a><\/p>\n\n\n\n<h4 class=\"wp-block-heading\">Colombani, Laetitia<\/h4>\n\n\n\n<p class=\"wp-block-paragraph\"><a href=\"https:\/\/serialectrice.com\/index.php\/2025\/01\/09\/les-victorieuses\/\">Les victorieuses<\/a><\/p>\n\n\n\n<p class=\"wp-block-paragraph\"><a href=\"https:\/\/serialectrice.com\/index.php\/2021\/10\/27\/la-tresse\/\">La tresse<\/a><\/p>\n\n\n\n<p class=\"wp-block-paragraph\"><a href=\"https:\/\/serialectrice.com\/index.php\/2021\/10\/06\/le-cerf-volant\/\">Le cerf-volant<\/a><\/p>\n\n\n\n<h4 class=\"wp-block-heading\">Colombo, Richard<\/h4>\n\n\n\n<p class=\"wp-block-paragraph\"><a href=\"https:\/\/serialectrice.com\/index.php\/2020\/09\/14\/comme-les-pieces-dun-puzzle\/\">Comme les pi\u00e8ces d&rsquo;un puzzle<\/a><\/p>\n\n\n\n<h4 class=\"wp-block-heading\">Connely, Michael<\/h4>\n\n\n\n<p class=\"wp-block-paragraph\"><a href=\"https:\/\/serialectrice.com\/index.php\/2021\/01\/24\/wonderland-avenue-_-michael-connely\/\">Wonderland Avenue<\/a><\/p>\n\n\n\n<p class=\"wp-block-paragraph\"><a href=\"https:\/\/serialectrice.com\/index.php\/2021\/11\/21\/linnocence-et-la-loi-_-michael-connelly\/\">L&rsquo;innocence et la loi<\/a><\/p>\n\n\n\n<p class=\"wp-block-paragraph\"><a href=\"https:\/\/serialectrice.com\/index.php\/2022\/10\/04\/en-attendant-le-jour-_-michael-connelly\/\">En attendant le jour<\/a><\/p>\n\n\n\n<p class=\"wp-block-paragraph\"><a href=\"https:\/\/serialectrice.com\/index.php\/2023\/02\/02\/les-egouts-de-los-angeles\/\">Les \u00e9gouts de Los Angeles<\/a><\/p>\n\n\n\n<h4 class=\"wp-block-heading\">Cooper, Catherine<\/h4>\n\n\n\n<p class=\"wp-block-paragraph\"><a href=\"https:\/\/serialectrice.com\/index.php\/2023\/01\/02\/le-chalet\/\">Le chalet<\/a><\/p>\n\n\n\n<p class=\"wp-block-paragraph\"><a href=\"https:\/\/serialectrice.com\/index.php\/2024\/08\/02\/la-croisiere\/\">La croisi\u00e8re<\/a><\/p>\n\n\n\n<h4 class=\"wp-block-heading\">Cosby, S.A<\/h4>\n\n\n\n<p class=\"wp-block-paragraph\"><a href=\"https:\/\/serialectrice.com\/index.php\/2025\/02\/06\/le-sang-des-innocents\/\">Le sang des innocents<\/a><\/p>\n\n\n\n<h4 class=\"wp-block-heading\">Cosimano, Ellie<\/h4>\n\n\n\n<p class=\"wp-block-paragraph\"><a href=\"https:\/\/serialectrice.com\/index.php\/2024\/06\/10\/comment-j-ai-tue-ton-mari\/\">Comment j&rsquo;ai tu\u00e9 ton mari<\/a><\/p>\n\n\n\n<h4 class=\"wp-block-heading\">Costis, Myriam<\/h4>\n\n\n\n<p class=\"wp-block-paragraph\"><a href=\"https:\/\/serialectrice.com\/index.php\/2022\/07\/16\/sur-le-fil-_-myriam-costis\/\">Sur le fil <\/a><\/p>\n\n\n\n<h4 class=\"wp-block-heading\">Coulon, C\u00e9cile<\/h4>\n\n\n\n<p class=\"wp-block-paragraph\"><a href=\"https:\/\/serialectrice.com\/wp-content\/uploads\/2024\/07\/seule-en-sa-demeure-5166399.jpg\">Seule en sa demeure<\/a><\/p>\n\n\n\n<h2 class=\"wp-block-heading\" id=\"D\">D<\/h2>\n\n\n\n<h4 class=\"wp-block-heading\">Da Costa, Melissa<\/h4>\n\n\n\n<p class=\"wp-block-paragraph\"><a href=\"https:\/\/serialectrice.com\/index.php\/2021\/07\/12\/les-lendemains-_-melissa-da-costa\/\">Les lendemains<\/a><\/p>\n\n\n\n<h4 class=\"wp-block-heading\">Dag&rsquo;Naud, Fran\u00e7oise<\/h4>\n\n\n\n<p class=\"wp-block-paragraph\"><a href=\"https:\/\/serialectrice.com\/index.php\/2021\/09\/04\/30-rue-de-saintonge-_-francoise-dagnaud\/\">30, rue de Saintonge<\/a><\/p>\n\n\n\n<h4 class=\"wp-block-heading\">Dagotor, Sonia<\/h4>\n\n\n\n<p class=\"wp-block-paragraph\"><a href=\"https:\/\/serialectrice.com\/index.php\/2023\/07\/13\/ceux-qui-saiment-finissent-toujours-par-se-retrouver\/\">Ceux qui s&rsquo;aiment finissent toujours par se retrouver<\/a><\/p>\n\n\n\n<h4 class=\"wp-block-heading\">Dalcher, Christina<\/h4>\n\n\n\n<p class=\"wp-block-paragraph\"><a href=\"https:\/\/serialectrice.com\/index.php\/2023\/02\/13\/qi-_-christine-dalcher\/\">QI<\/a><\/p>\n\n\n\n<h4 class=\"wp-block-heading\">Damasio, Alain<\/h4>\n\n\n\n<p class=\"wp-block-paragraph\"><a href=\"https:\/\/serialectrice.com\/index.php\/2021\/08\/26\/la-zone-du-dehors-_-alain-damasio\/\">La zone du dehors<\/a><\/p>\n\n\n\n<h4 class=\"wp-block-heading\">Darsan, Lou<\/h4>\n\n\n\n<p class=\"wp-block-paragraph\"><a href=\"https:\/\/serialectrice.com\/index.php\/2023\/09\/12\/l-arrachee-belle\/\">L&rsquo;arrach\u00e9e belle<\/a><\/p>\n\n\n\n<h4 class=\"wp-block-heading\">Daudet, Alphonse<\/h4>\n\n\n\n<p class=\"wp-block-paragraph\">Lettres de mon moulin ( \u00e0 venir)<\/p>\n\n\n\n<h4 class=\"wp-block-heading\">Delahaie, Patricia<\/h4>\n\n\n\n<p class=\"wp-block-paragraph\"><a href=\"https:\/\/serialectrice.com\/index.php\/2022\/09\/16\/la-faussaire-_-patricia-delahaie\/\">La faussaire<\/a><\/p>\n\n\n\n<h4 class=\"wp-block-heading\">Davis Fiona<\/h4>\n\n\n\n<p class=\"wp-block-paragraph\"><a href=\"https:\/\/serialectrice.com\/index.php\/2024\/04\/16\/les-livres-disparus-de-la-5-e-avenue\/\">Les livres disparus de la 5\u00e8 avenue<\/a><\/p>\n\n\n\n<h4 class=\"wp-block-heading\">Davy, Pierre<\/h4>\n\n\n\n<p class=\"wp-block-paragraph\"><a href=\"https:\/\/serialectrice.com\/index.php\/2024\/01\/15\/la-croix-des-pauvres\/\">La croix des pauvres<\/a><\/p>\n\n\n\n<h4 class=\"wp-block-heading\">Delaflotte Mehdevi, Anne<\/h4>\n\n\n\n<p class=\"wp-block-paragraph\"><a href=\"https:\/\/serialectrice.com\/index.php\/2023\/05\/21\/le-livre-des-heures\/\">Le livre des heures<\/a><\/p>\n\n\n\n<h4 class=\"wp-block-heading\">Delaney, J-P<\/h4>\n\n\n\n<p class=\"wp-block-paragraph\"><a href=\"https:\/\/serialectrice.com\/index.php\/2020\/11\/16\/la-femme-parfaite-delaney\/\">La femme parfaite<\/a><\/p>\n\n\n\n<p class=\"wp-block-paragraph\"><a href=\"https:\/\/serialectrice.com\/index.php\/2023\/08\/19\/mensonge\/\">Mensonge<\/a><\/p>\n\n\n\n<h4 class=\"wp-block-heading\">Del Arbol, Victor<\/h4>\n\n\n\n<p class=\"wp-block-paragraph\"><a href=\"https:\/\/serialectrice.com\/index.php\/2021\/10\/31\/avant-les-annees-terribles-_-victor-del-arbol\/\">Avant les ann\u00e9es terribles<\/a><\/p>\n\n\n\n<h4 class=\"wp-block-heading\">Delcroix, Angelina<\/h4>\n\n\n\n<p class=\"wp-block-paragraph\"><a href=\"https:\/\/serialectrice.com\/index.php\/2021\/11\/04\/si-je-serais-grande-_-angelina-delcroix\/\">Si je serais grande<\/a><\/p>\n\n\n\n<p class=\"wp-block-paragraph\"><a href=\"https:\/\/serialectrice.com\/index.php\/2022\/10\/14\/un-peu-beaucoup-jusqu-a-la-mort\/\">Un peu, beaucoup&#8230; jusqu&rsquo;\u00e0 la mort<\/a><\/p>\n\n\n\n<p class=\"wp-block-paragraph\"><a href=\"https:\/\/serialectrice.com\/index.php\/2022\/11\/16\/qui-meurt-a-noel\/\">Qui meurt \u00e0 No\u00ebl ? <\/a><\/p>\n\n\n\n<p class=\"wp-block-paragraph\"><a href=\"https:\/\/serialectrice.com\/index.php\/2024\/08\/10\/l-ile-des-damnes-_-angelina-delcroix\/\">L&rsquo;\u00eele des damn\u00e9s<\/a><\/p>\n\n\n\n<h4 class=\"wp-block-heading\">Delpierre, Armand<\/h4>\n\n\n\n<p class=\"wp-block-paragraph\"><a href=\"https:\/\/serialectrice.com\/index.php\/2023\/08\/25\/paris-se-leve-_-armand-delpierre\/\">Paris se l\u00e8ve<\/a><\/p>\n\n\n\n<h4 class=\"wp-block-heading\">Delzongle, Sonja<\/h4>\n\n\n\n<p class=\"wp-block-paragraph\"><a href=\"https:\/\/serialectrice.com\/index.php\/2024\/06\/08\/thanatea\/\">Thanat\u00e9a<\/a><\/p>\n\n\n\n<h4 class=\"wp-block-heading\">Demange, Sophie<\/h4>\n\n\n\n<p class=\"wp-block-paragraph\"><a href=\"https:\/\/serialectrice.com\/index.php\/2025\/02\/28\/les-boucheres\/\">Les bouch\u00e8res<\/a><\/p>\n\n\n\n<h4 class=\"wp-block-heading\">De Meaux, Antoine<\/h4>\n\n\n\n<p class=\"wp-block-paragraph\"><a href=\"https:\/\/serialectrice.com\/index.php\/2021\/01\/17\/miarka-_-antoine-de-meaux\/\">Miarka<\/a><\/p>\n\n\n\n<h4 class=\"wp-block-heading\">Denjean, C\u00e9line<\/h4>\n\n\n\n<p class=\"wp-block-paragraph\"><a href=\"https:\/\/serialectrice.com\/index.php\/2023\/07\/20\/le-cercle-des-mensonges\/\">Le cercle des mensonges<\/a><\/p>\n\n\n\n<p class=\"wp-block-paragraph\"><a href=\"https:\/\/serialectrice.com\/index.php\/2023\/12\/17\/matrices-_-celine-denjean\/\">Matrices<\/a><\/p>\n\n\n\n<p class=\"wp-block-paragraph\"><a href=\"https:\/\/serialectrice.com\/index.php\/2024\/07\/25\/precipice\/\">Pr\u00e9cipice<\/a><\/p>\n\n\n\n<h4 class=\"wp-block-heading\">De Rosnay, Tatiana<\/h4>\n\n\n\n<p class=\"wp-block-paragraph\"><a href=\"https:\/\/serialectrice.com\/index.php\/2023\/08\/05\/manderley-for-ever\/\">Manderley for ever<\/a><\/p>\n\n\n\n<h4 class=\"wp-block-heading\">Destombes, Sandrine<\/h4>\n\n\n\n<p class=\"wp-block-paragraph\"><a href=\"https:\/\/serialectrice.com\/index.php\/2023\/06\/07\/les-disparus-de-la-durance-_-sandrine-destombes\/\">Les disparus de la Durance<\/a><\/p>\n\n\n\n<p class=\"wp-block-paragraph\"><a href=\"https:\/\/serialectrice.com\/index.php\/2023\/12\/28\/larlequin-_-sandrine-destombes\/\">L&rsquo;arlequin<\/a><\/p>\n\n\n\n<p class=\"wp-block-paragraph\">Le prieur\u00e9 de Crest ( \u00e0 venir)<\/p>\n\n\n\n<h4 class=\"wp-block-heading\">Diamond, Lucy<\/h4>\n\n\n\n<p class=\"wp-block-paragraph\"><a href=\"https:\/\/serialectrice.com\/index.php\/2024\/08\/06\/rendez-vous-au-cafe-du-bonheu\/\">Rendez-vous au caf\u00e9 du bonheur<\/a><\/p>\n\n\n\n<h4 class=\"wp-block-heading\">Diaz, Hazel<\/h4>\n\n\n\n<p class=\"wp-block-paragraph\"><a href=\"https:\/\/serialectrice.com\/wp-content\/uploads\/2024\/05\/kiara.jpg\">Kiara<\/a><\/p>\n\n\n\n<h4 class=\"wp-block-heading\">Dick, Philip K.<\/h4>\n\n\n\n<p class=\"wp-block-paragraph\"><a href=\"https:\/\/serialectrice.com\/index.php\/2022\/06\/13\/minority-report\/\">Minority Report<\/a><\/p>\n\n\n\n<h4 class=\"wp-block-heading\">Dickens, Charles<\/h4>\n\n\n\n<p class=\"wp-block-paragraph\"><a href=\"https:\/\/serialectrice.com\/index.php\/2022\/01\/07\/un-chant-de-noel-_-charles-dickens\/\">Un chant de No\u00ebl <\/a><\/p>\n\n\n\n<h4 class=\"wp-block-heading\">Dicker, Jo\u00ebl<\/h4>\n\n\n\n<p class=\"wp-block-paragraph\"><a href=\"https:\/\/serialectrice.com\/index.php\/2020\/08\/05\/la-verite-sur-laffaire-harry-quebert-_-joel-dicker\/\">La v\u00e9rit\u00e9 sur l&rsquo;affaire Harry Qu\u00e9bert<\/a><\/p>\n\n\n\n<h4 class=\"wp-block-heading\">Didier, S\u00e9bastien<\/h4>\n\n\n\n<p class=\"wp-block-paragraph\"><a href=\"https:\/\/serialectrice.com\/index.php\/2020\/09\/26\/les-yeux-bleus-_-sebastien-didier\/\">Les yeux bleus<\/a><\/p>\n\n\n\n<p class=\"wp-block-paragraph\"><a href=\"https:\/\/serialectrice.com\/index.php\/2021\/03\/31\/ce-quil-nous-reste-de-julie\/\">Ce qu&rsquo;il nous reste de Julie<\/a><\/p>\n\n\n\n<h4 class=\"wp-block-heading\">Dieudonn\u00e9, Adeline<\/h4>\n\n\n\n<p class=\"wp-block-paragraph\"><a href=\"https:\/\/serialectrice.com\/index.php\/2023\/04\/11\/la-vraie-vie\/\">La vraie vie<\/a><\/p>\n\n\n\n<h4 class=\"wp-block-heading\">Dillard, Fran\u00e7ois-Xavier<\/h4>\n\n\n\n<p class=\"wp-block-paragraph\"><a href=\"https:\/\/serialectrice.com\/index.php\/2020\/10\/05\/ne-dis-rien-a-papa-francois-xavier-dilard\/\">Ne dis rien \u00e0 papa<\/a><\/p>\n\n\n\n<p class=\"wp-block-paragraph\"><a href=\"https:\/\/serialectrice.com\/index.php\/2021\/01\/03\/un-vrai-jeu-denfant-_-francois-xavier-dillard\/\">Un vrai jeu d&rsquo;enfant<\/a><\/p>\n\n\n\n<p class=\"wp-block-paragraph\"><a href=\"https:\/\/serialectrice.com\/index.php\/2022\/01\/13\/l-enfant-dormira-bientot\/\">L&rsquo;enfant dormira bient\u00f4t<\/a><\/p>\n\n\n\n<h4 class=\"wp-block-heading\">Disconfin\u00e9s, les (collectif)<\/h4>\n\n\n\n<p class=\"wp-block-paragraph\"><a href=\"https:\/\/serialectrice.com\/index.php\/2022\/04\/19\/vivre-le-premier-jour-du-monde-d-apres\/\">Vivre ! Le premier jour du monde d&rsquo;apr\u00e8s<\/a><\/p>\n\n\n\n<h4 class=\"wp-block-heading\">Dixen, Victor<\/h4>\n\n\n\n<p class=\"wp-block-paragraph\"><a href=\"https:\/\/serialectrice.com\/index.php\/2021\/07\/08\/vampyria-la-cour-des-tenebres-t-1\/\">Vampyria, T.1. La cour des t\u00e9n\u00e8bres<\/a><\/p>\n\n\n\n<p class=\"wp-block-paragraph\"><a href=\"https:\/\/serialectrice.com\/index.php\/2022\/06\/28\/phobos\/\">Phobos, T.1 <\/a><\/p>\n\n\n\n<p class=\"wp-block-paragraph\"><a href=\"https:\/\/serialectrice.com\/index.php\/2024\/01\/28\/cogito-_-victor-dixen\/\">Cogito<\/a><\/p>\n\n\n\n<h4 class=\"wp-block-heading\">Donoghue, Emma<\/h4>\n\n\n\n<p class=\"wp-block-paragraph\"><a href=\"https:\/\/serialectrice.com\/index.php\/2023\/04\/29\/le-pavillon-des-combattantes\/\">Le pavillon des combattantes<\/a><\/p>\n\n\n\n<h4 class=\"wp-block-heading\">Dosto\u00efevski, Fedor<\/h4>\n\n\n\n<p class=\"wp-block-paragraph\"><a href=\"https:\/\/serialectrice.com\/index.php\/2021\/09\/28\/la-femme-d-un-autre-et-le-mari-sous-le-lit\/\">La femme d&rsquo;un autre et le mari sous le lit<\/a><\/p>\n\n\n\n<h4 class=\"wp-block-heading\">Downing, Samantha<\/h4>\n\n\n\n<p class=\"wp-block-paragraph\"><a href=\"https:\/\/serialectrice.com\/index.php\/2023\/10\/28\/mefie-toi-du-chien-qui-dort-_-samantha-downing\/\">M\u00e9fie-toi du chien qui dort<\/a><\/p>\n\n\n\n<h4 class=\"wp-block-heading\">Doyle, Arthur Conan<\/h4>\n\n\n\n<p class=\"wp-block-paragraph\"><a href=\"https:\/\/serialectrice.com\/index.php\/2021\/08\/21\/sherlock-holmes-etude-en-rouge\/\">Une \u00e9tude en rouge <\/a><\/p>\n\n\n\n<p class=\"wp-block-paragraph\"><a href=\"https:\/\/serialectrice.com\/index.php\/2022\/05\/18\/le-signe-des-4-_-conan-doyle\/\">Le signe des 4<\/a><\/p>\n\n\n\n<h4 class=\"wp-block-heading\">Dubois Gabrielle<\/h4>\n\n\n\n<p class=\"wp-block-paragraph\"><a href=\"https:\/\/serialectrice.com\/index.php\/2020\/12\/25\/violette-et-napoleon-gabrielle-dubois\/\">Violette et Napol\u00e9on <\/a><\/p>\n\n\n\n<h4 class=\"wp-block-heading\">Du Maurier, Daphn\u00e9<\/h4>\n\n\n\n<p class=\"wp-block-paragraph\"><a href=\"https:\/\/serialectrice.com\/index.php\/2021\/01\/26\/lauberge-de-la-jamaique\/\">L&rsquo;auberge de la Jamaique<\/a> <\/p>\n\n\n\n<h4 class=\"wp-block-heading\">Dupond-Monot, Clara<\/h4>\n\n\n\n<p class=\"wp-block-paragraph\"><a href=\"https:\/\/serialectrice.com\/index.php\/2022\/09\/18\/sadapter-_-clara-dupont-monot\/\">S&rsquo;adapter<\/a><\/p>\n\n\n\n<h4 class=\"wp-block-heading\">Dynan, J\u00e9r\u00f4me<\/h4>\n\n\n\n<p class=\"wp-block-paragraph\"><a href=\"https:\/\/serialectrice.com\/index.php\/2023\/08\/21\/paris-a-tout-pris\/\">Paris a tout pris<\/a><\/p>\n\n\n\n<h2 class=\"wp-block-heading\" id=\"E\">E<\/h2>\n\n\n\n<h4 class=\"wp-block-heading\">Edvardsson, M-T<\/h4>\n\n\n\n<p class=\"wp-block-paragraph\"><a href=\"https:\/\/serialectrice.com\/index.php\/2021\/07\/23\/une-famille-presque-normale\/\">Une famille presque normale<\/a><\/p>\n\n\n\n<h4 class=\"wp-block-heading\">Edwards, Mark<\/h4>\n\n\n\n<p class=\"wp-block-paragraph\"><a href=\"https:\/\/serialectrice.com\/index.php\/2020\/10\/24\/un-bon-jour-pour-mourir-_-mark-edwards\/\">Un bon jour pour mourir<\/a> <\/p>\n\n\n\n<h4 class=\"wp-block-heading\">Ernaux, Annie<\/h4>\n\n\n\n<p class=\"wp-block-paragraph\"><a href=\"https:\/\/serialectrice.com\/index.php\/2024\/05\/27\/la-femme-gelee-_-annie-ernaux\/\">La femme gel\u00e9e<\/a><\/p>\n\n\n\n<h4 class=\"wp-block-heading\">Ernotte, Fr\u00e9d\u00e9ric<\/h4>\n\n\n\n<p class=\"wp-block-paragraph\"><a href=\"https:\/\/serialectrice.com\/index.php\/2024\/10\/21\/c-est-dans-la-boite\/\">C&rsquo;est dans la bo\u00eete<\/a><\/p>\n\n\n\n<h4 class=\"wp-block-heading\">Evaristo, Bernardine<\/h4>\n\n\n\n<p class=\"wp-block-paragraph\"><a href=\"https:\/\/serialectrice.com\/index.php\/2023\/04\/15\/mr-loverman\/\">Mr Lovermann<\/a><\/p>\n\n\n\n<h4 class=\"wp-block-heading\">Exbrayat, St\u00e9phanie<\/h4>\n\n\n\n<p class=\"wp-block-paragraph\"><a href=\"https:\/\/serialectrice.com\/index.php\/2020\/09\/18\/et-apres-tout-ca-lamour\/\">Et apr\u00e8s tout \u00e7a, l&rsquo;amour<\/a><\/p>\n\n\n\n<h4 class=\"wp-block-heading\">Expert, Jacques<\/h4>\n\n\n\n<p class=\"wp-block-paragraph\"><a href=\"https:\/\/serialectrice.com\/index.php\/2021\/04\/13\/le-jour-de-ma-mort\/\">Le jour de ma mort <\/a><\/p>\n\n\n\n<p class=\"wp-block-paragraph\"><a href=\"https:\/\/serialectrice.com\/index.php\/2022\/06\/26\/qui\/\">Qui ?<\/a><\/p>\n\n\n\n<h2 class=\"wp-block-heading\" id=\"F\">F<\/h2>\n\n\n\n<h4 class=\"wp-block-heading\">Favan, Claire<\/h4>\n\n\n\n<p class=\"wp-block-paragraph\"><a href=\"https:\/\/serialectrice.com\/index.php\/2022\/10\/20\/le-tueur-intime\/\">Le tueur intime<\/a><\/p>\n\n\n\n<h4 class=\"wp-block-heading\">Faye, Ga\u00ebl<\/h4>\n\n\n\n<p class=\"wp-block-paragraph\"><a href=\"https:\/\/serialectrice.com\/index.php\/2025\/01\/17\/jacaranda-_-gael-faye\/\">Jacaranda<\/a><\/p>\n\n\n\n<h4 class=\"wp-block-heading\">Feeney, Alice<\/h4>\n\n\n\n<p class=\"wp-block-paragraph\"><a href=\"https:\/\/serialectrice.com\/index.php\/2023\/01\/06\/lui-et-moi-alice-feeney\/\">Lui et moi<\/a><\/p>\n\n\n\n<p class=\"wp-block-paragraph\"><a href=\"https:\/\/serialectrice.com\/index.php\/2023\/01\/09\/dix-ans-noces-de-sang\/\">Dix ans, noces de sang<\/a><\/p>\n\n\n\n<h4 class=\"wp-block-heading\">Ferey, Caryl<\/h4>\n\n\n\n<p class=\"wp-block-paragraph\"><a href=\"https:\/\/serialectrice.com\/index.php\/2023\/06\/19\/led-caryl-ferey\/\">L\u00ebd<\/a><\/p>\n\n\n\n<h4 class=\"wp-block-heading\">Ferrala, Ang\u00e8le<\/h4>\n\n\n\n<p class=\"wp-block-paragraph\"><a href=\"https:\/\/serialectrice.com\/index.php\/2023\/11\/07\/quand-nos-presents-semmelent-_-angele-ferrala\/\">Quand nos pr\u00e9sents s&#8217;emm\u00ealent<\/a><\/p>\n\n\n\n<h4 class=\"wp-block-heading\">Ferrante, Elena<\/h4>\n\n\n\n<p class=\"wp-block-paragraph\"><a href=\"https:\/\/serialectrice.com\/index.php\/2021\/01\/01\/lamie-prodigieuse-_-elena-ferrante\/\">L&rsquo;amie prodigieuse<\/a><\/p>\n\n\n\n<p class=\"wp-block-paragraph\"><a href=\"https:\/\/serialectrice.com\/index.php\/2022\/01\/29\/le-nouveau-nom-lamie-prodigieuse-ii\/\">L&rsquo;amie prodigieuse, T.2<\/a><\/p>\n\n\n\n<p class=\"wp-block-paragraph\"><a href=\"https:\/\/serialectrice.com\/index.php\/2023\/05\/01\/celle-qui-fuit-et-celle-qui-reste\/\">L&rsquo;amie prodigieuse, T.3<\/a><\/p>\n\n\n\n<p class=\"wp-block-paragraph\"><a href=\"https:\/\/serialectrice.com\/index.php\/2021\/02\/10\/les-jours-de-mon-abandon\/\">Les jours de mon abandon<\/a><\/p>\n\n\n\n<h4 class=\"wp-block-heading\">Ferr\u00e9, Christophe<\/h4>\n\n\n\n<p class=\"wp-block-paragraph\"><a href=\"https:\/\/serialectrice.com\/index.php\/2023\/11\/05\/la-disparue-de-belle-ile\/\">La disparue de Belle-\u00eele<\/a><\/p>\n\n\n\n<h4 class=\"wp-block-heading\">Feuz, Nicolas<\/h4>\n\n\n\n<p class=\"wp-block-paragraph\"><a href=\"https:\/\/serialectrice.com\/index.php\/2021\/02\/14\/horrora-borealis-_-nicolas-feuz\/\">Horrora Borealis<\/a><\/p>\n\n\n\n<p class=\"wp-block-paragraph\"><a href=\"https:\/\/serialectrice.com\/index.php\/2023\/12\/26\/heresix\/\">Heresix<\/a><\/p>\n\n\n\n<h4 class=\"wp-block-heading\">Finn, A-J<\/h4>\n\n\n\n<p class=\"wp-block-paragraph\"><a href=\"https:\/\/serialectrice.com\/index.php\/2023\/07\/29\/la-femme-a-la-fenetre\/\">La femme \u00e0 la fen\u00eatre<\/a><\/p>\n\n\n\n<h4 class=\"wp-block-heading\">Fitzek, Sebastian<\/h4>\n\n\n\n<p class=\"wp-block-paragraph\"><a href=\"https:\/\/serialectrice.com\/index.php\/2021\/04\/29\/le-cadeau-_-sebastian-fitzek\/\">Le cadeau<\/a><\/p>\n\n\n\n<h4 class=\"wp-block-heading\">Follet, Ken<\/h4>\n\n\n\n<p class=\"wp-block-paragraph\"><a href=\"https:\/\/serialectrice.com\/index.php\/2022\/03\/02\/paper-money\/\">Paper Money<\/a><\/p>\n\n\n\n<h4 class=\"wp-block-heading\">Fontanel, Sophie<\/h4>\n\n\n\n<p class=\"wp-block-paragraph\"><a href=\"https:\/\/serialectrice.com\/index.php\/2021\/09\/26\/une-apparition\/\">Une apparition<\/a><\/p>\n\n\n\n<h4 class=\"wp-block-heading\">Forge, Sylvain<\/h4>\n\n\n\n<p class=\"wp-block-paragraph\"><a href=\"https:\/\/serialectrice.com\/index.php\/2021\/08\/17\/sauve-la-_-sylvain-forge\/\">Sauve-la <\/a><\/p>\n\n\n\n<h4 class=\"wp-block-heading\">Fouassier, Luc-Michel<\/h4>\n\n\n\n<p class=\"wp-block-paragraph\"><a href=\"https:\/\/serialectrice.com\/index.php\/2022\/09\/27\/les-pantoufles\/\">Les pantoufles <\/a><\/p>\n\n\n\n<h4 class=\"wp-block-heading\">Fouchet, Lorraine<\/h4>\n\n\n\n<p class=\"wp-block-paragraph\"><a href=\"https:\/\/serialectrice.com\/index.php\/2021\/04\/19\/poste-restante-a-loc-maria\/\">Poste restante \u00e0 Loc Maria<\/a><\/p>\n\n\n\n<h4 class=\"wp-block-heading\">Fox, Hester<\/h4>\n\n\n\n<p class=\"wp-block-paragraph\"><a href=\"https:\/\/serialectrice.com\/index.php\/2023\/01\/10\/la-berceuse-des-sorcieres-_-hester-fox\/\">La berceuse des sorci\u00e8res<\/a><\/p>\n\n\n\n<p class=\"wp-block-paragraph\"><a href=\"https:\/\/serialectrice.com\/index.php\/2025\/02\/20\/la-sorciere-de-willow-hall-_-hester-fox\/\">La sorci\u00e8re de Willow Hall<\/a><\/p>\n\n\n\n<p class=\"wp-block-paragraph\"><a href=\"https:\/\/serialectrice.com\/index.php\/2024\/03\/03\/la-mysterieuse-bibliotheque-de-blackwood-abbey\/\">La myst\u00e9rieuse biblioth\u00e8que de Blackwood Abbey<\/a><\/p>\n\n\n\n<h4 class=\"wp-block-heading\">Frances, Michelle<\/h4>\n\n\n\n<p class=\"wp-block-paragraph\"><a href=\"https:\/\/serialectrice.com\/index.php\/2020\/10\/17\/la-remplacante-_-michelle-frances\/\">La rempla\u00e7ante<\/a><\/p>\n\n\n\n<h4 class=\"wp-block-heading\">Frear, Caz<\/h4>\n\n\n\n<p class=\"wp-block-paragraph\"><a href=\"https:\/\/serialectrice.com\/index.php\/2024\/05\/03\/verites-et-mensonges\/\">V\u00e9rit\u00e9s et mensonges<\/a><\/p>\n\n\n\n<h4 class=\"wp-block-heading\">Freeling, Nicolas<\/h4>\n\n\n\n<p class=\"wp-block-paragraph\"><a href=\"https:\/\/serialectrice.com\/index.php\/2022\/01\/09\/l-amour-a-amsterdam\/\">L&rsquo;amour \u00e0 Amsterdam<\/a><\/p>\n\n\n\n<h4 class=\"wp-block-heading\">Fuller, Claire<\/h4>\n\n\n\n<p class=\"wp-block-paragraph\"><a href=\"https:\/\/serialectrice.com\/index.php\/2020\/06\/14\/lete-des-oranges-ameres-_-claire-fuller\/\">L&rsquo;\u00e9t\u00e9 des oranges am\u00e8res<\/a><\/p>\n\n\n\n<h2 class=\"wp-block-heading\" id=\"G\">G<\/h2>\n\n\n\n<h4 class=\"wp-block-heading\">Gain, Patrice<\/h4>\n\n\n\n<p class=\"wp-block-paragraph\"><a href=\"https:\/\/serialectrice.com\/index.php\/2021\/03\/17\/denali-_-patrice-gain\/\">Denali <\/a><\/p>\n\n\n\n<h4 class=\"wp-block-heading\">Galais, Basile<\/h4>\n\n\n\n<p class=\"wp-block-paragraph\"><a href=\"https:\/\/serialectrice.com\/index.php\/2022\/10\/21\/les-sables\/\">Les sables<\/a><\/p>\n\n\n\n<h4 class=\"wp-block-heading\">Galiani, Juliette<\/h4>\n\n\n\n<p class=\"wp-block-paragraph\"><a href=\"https:\/\/serialectrice.com\/index.php\/2025\/02\/08\/nuit-d-orage-a-hauterives\/\">Nuit d&rsquo;orage \u00e0 Hauterives<\/a><\/p>\n\n\n\n<h4 class=\"wp-block-heading\">Garcia Marquez, Gabriel<\/h4>\n\n\n\n<p class=\"wp-block-paragraph\"><a href=\"https:\/\/serialectrice.com\/index.php\/2025\/01\/29\/nous-nous-verrons-en-aout\/\">Nous nous verrons en ao\u00fbt<\/a><\/p>\n\n\n\n<h4 class=\"wp-block-heading\">Gardino, Lysiane<\/h4>\n\n\n\n<p class=\"wp-block-paragraph\"><a href=\"https:\/\/serialectrice.com\/index.php\/2022\/02\/07\/dans-l-ombre-de-mei\/\">Dans l&rsquo;ombre de Mei<\/a><\/p>\n\n\n\n<h4 class=\"wp-block-heading\">Gardner, Lisa<\/h4>\n\n\n\n<p class=\"wp-block-paragraph\"><a href=\"https:\/\/serialectrice.com\/index.php\/2023\/07\/25\/arretez-moi-_-lisa-gardner\/\">Arr\u00eatez-moi<\/a><\/p>\n\n\n\n<h4 class=\"wp-block-heading\">Gary, Romain<\/h4>\n\n\n\n<p class=\"wp-block-paragraph\">La vie devant soi (\u00e0 venir)<\/p>\n\n\n\n<h4 class=\"wp-block-heading\">Giebel, Karine<\/h4>\n\n\n\n<p class=\"wp-block-paragraph\"><a href=\"https:\/\/serialectrice.com\/index.php\/2021\/01\/28\/chambres-noires-_-karine-giebel\/\">Chambres noires<\/a><\/p>\n\n\n\n<p class=\"wp-block-paragraph\"><a href=\"https:\/\/serialectrice.com\/index.php\/2021\/12\/23\/jusqua-ce-que-la-mort-nous-unisse-_-karine-giebel\/\">Jusqu&rsquo;\u00e0 ce que la mort nous unisse<\/a><\/p>\n\n\n\n<p class=\"wp-block-paragraph\"><a href=\"https:\/\/serialectrice.com\/index.php\/2021\/12\/08\/terminus-elicius\/\">Terminus Elicius<\/a><\/p>\n\n\n\n<p class=\"wp-block-paragraph\"><a href=\"https:\/\/serialectrice.com\/index.php\/2022\/08\/21\/satan-etait-un-ange\/\">Satan \u00e9tait un ange<\/a><\/p>\n\n\n\n<p class=\"wp-block-paragraph\"><a href=\"https:\/\/serialectrice.com\/index.php\/2022\/12\/05\/de-force-karine-giebel\/\">De force <\/a><\/p>\n\n\n\n<p class=\"wp-block-paragraph\"><a href=\"https:\/\/serialectrice.com\/index.php\/2024\/05\/01\/et-chaque-fois-mourir-un-peu\/\">Et chaque fois mourir un peu<\/a><\/p>\n\n\n\n<h4 class=\"wp-block-heading\">Ginisty, Sophie<\/h4>\n\n\n\n<p class=\"wp-block-paragraph\"><a href=\"https:\/\/serialectrice.com\/index.php\/2020\/06\/18\/le-reveil-des-legendes-_-sophie-ginisty\/\">Le r\u00e9veil des l\u00e9gendes<\/a><\/p>\n\n\n\n<h4 class=\"wp-block-heading\">Giono, Jean<\/h4>\n\n\n\n<p class=\"wp-block-paragraph\">L<a href=\"https:\/\/serialectrice.com\/index.php\/2021\/08\/05\/moulin-de-pologne\/\">e moulin de Pologne<\/a><\/p>\n\n\n\n<h4 class=\"wp-block-heading\">Giordano, Rapha\u00eblle<\/h4>\n\n\n\n<p class=\"wp-block-paragraph\"><a href=\"https:\/\/serialectrice.com\/index.php\/2021\/03\/25\/le-bazar-du-zebre-a-pois\/\">Le bazar du z\u00e8bre \u00e0 pois<\/a><\/p>\n\n\n\n<p class=\"wp-block-paragraph\"><a href=\"https:\/\/serialectrice.com\/index.php\/2021\/03\/27\/ta-deuxieme-vie-commence-quand\/\">Ta deuxi\u00e8me vie commence quand tu comprends que tu n&rsquo;en as qu&rsquo;une<\/a><\/p>\n\n\n\n<p class=\"wp-block-paragraph\"><a href=\"https:\/\/serialectrice.com\/index.php\/2024\/12\/09\/et-ils-vecurent-heureux-malgre-tous-leurs-enfants\/\">Et ils v\u00e9curent heureux malgr\u00e9 tous leurs enfants<\/a><\/p>\n\n\n\n<h4 class=\"wp-block-heading\">Giraud Delphine<\/h4>\n\n\n\n<p class=\"wp-block-paragraph\"><a href=\"https:\/\/serialectrice.com\/index.php\/2021\/01\/22\/doucement-renait-le-jour\/\">Doucement rena\u00eet le jour<\/a><\/p>\n\n\n\n<h4 class=\"wp-block-heading\">Giulano, Serena<\/h4>\n\n\n\n<p class=\"wp-block-paragraph\"><a href=\"https:\/\/serialectrice.com\/index.php\/2024\/04\/08\/felicita-serena-giuliano\/\">Felicita<\/a><\/p>\n\n\n\n<h4 class=\"wp-block-heading\">Golden, Arthur<\/h4>\n\n\n\n<p class=\"wp-block-paragraph\"><a href=\"https:\/\/serialectrice.com\/index.php\/2021\/01\/11\/geisha-_-arthur-golden\/\">Geisha<\/a><\/p>\n\n\n\n<h4 class=\"wp-block-heading\">Gordon, Jerolin<\/h4>\n\n\n\n<p class=\"wp-block-paragraph\"><a href=\"https:\/\/serialectrice.com\/wp-content\/uploads\/2024\/09\/les-parfums-de-ma-vie-5227169.jpg\">Les parfums de ma vie<\/a><\/p>\n\n\n\n<h4 class=\"wp-block-heading\">Grang\u00e9, Jean-Christophe<\/h4>\n\n\n\n<p class=\"wp-block-paragraph\"><a href=\"https:\/\/serialectrice.com\/index.php\/2023\/08\/27\/kaiken-_-jean-christophe-grange\/\">Kaiken <\/a><\/p>\n\n\n\n<h4 class=\"wp-block-heading\">Gras, J-K<\/h4>\n\n\n\n<p class=\"wp-block-paragraph\"><a href=\"https:\/\/serialectrice.com\/index.php\/2020\/09\/01\/zeladonia-integrale-j-k-gras\/\">Zeladonia, l&rsquo;int\u00e9grale<\/a><\/p>\n\n\n\n<h4 class=\"wp-block-heading\">Green, E.S<\/h4>\n\n\n\n<p class=\"wp-block-paragraph\"><a href=\"https:\/\/serialectrice.com\/index.php\/2024\/09\/09\/steam-sailors-_-e-s-green\/\">Steam Sailors<\/a><\/p>\n\n\n\n<h4 class=\"wp-block-heading\">Griffiths, Elly<\/h4>\n\n\n\n<p class=\"wp-block-paragraph\"><a href=\"https:\/\/serialectrice.com\/index.php\/2021\/06\/24\/mortelle-dedicace\/\">Mortelle d\u00e9dicace <\/a><\/p>\n\n\n\n<h4 class=\"wp-block-heading\">Grimaldi, Virginie<\/h4>\n\n\n\n<p class=\"wp-block-paragraph\"><a href=\"https:\/\/serialectrice.com\/index.php\/2020\/08\/07\/le-premier-jour-du-reste-de-ma-vie-_-virginie-grimaldi\/\" rel=\"sponsored nofollow\">Le premier jour du reste de ma vie<\/a><\/p>\n\n\n\n<p class=\"wp-block-paragraph\"><a href=\"https:\/\/serialectrice.com\/index.php\/2021\/09\/23\/les-possibles-_-virginie-grimaldi\/\">Les possibles<\/a><\/p>\n\n\n\n<h4 class=\"wp-block-heading\">Grimmes, Martha<\/h4>\n\n\n\n<p class=\"wp-block-paragraph\"><a href=\"https:\/\/serialectrice.com\/index.php\/2021\/06\/20\/les-trois-font-la-paire\/\">Les trois font la paire <\/a><\/p>\n\n\n\n<h4 class=\"wp-block-heading\">Grisham, John<\/h4>\n\n\n\n<p class=\"wp-block-paragraph\"><a href=\"https:\/\/serialectrice.com\/index.php\/2022\/05\/08\/la-sentence\/\">La sentence<\/a><\/p>\n\n\n\n<h4 class=\"wp-block-heading\">Guez, Jeremie<\/h4>\n\n\n\n<p class=\"wp-block-paragraph\"><a href=\"https:\/\/serialectrice.com\/index.php\/2024\/12\/05\/lequilibre-des-corps-_-jeremie-guez\/\">L&rsquo;\u00e9quilibre des corps<\/a><\/p>\n\n\n\n<h4 class=\"wp-block-heading\">Guillerme, Christian<\/h4>\n\n\n\n<p class=\"wp-block-paragraph\"><a href=\"https:\/\/serialectrice.com\/index.php\/2022\/06\/02\/urbex-sed-lex-_-christian-guillerme\/\">Urbex Sed Lex<\/a><\/p>\n\n\n\n<h4 class=\"wp-block-heading\">Gustawsson, Johana<\/h4>\n\n\n\n<p class=\"wp-block-paragraph\"><a href=\"https:\/\/serialectrice.com\/index.php\/2023\/01\/19\/blok-46-johana-gustawsson\/\">Block 46<\/a><\/p>\n\n\n\n<h4 class=\"wp-block-heading\">Gyasi, Yaa<\/h4>\n\n\n\n<p class=\"wp-block-paragraph\"><a href=\"https:\/\/serialectrice.com\/index.php\/2022\/01\/21\/no-home-_-yaa-gyasi\/\">No home<\/a><\/p>\n\n\n\n<h2 class=\"wp-block-heading\" id=\"H\">H<\/h2>\n\n\n\n<h4 class=\"wp-block-heading\">Haddad, Hubert<\/h4>\n\n\n\n<p class=\"wp-block-paragraph\"><a href=\"https:\/\/serialectrice.com\/index.php\/2022\/07\/20\/opium-poppy\/\">Opium Poppy<\/a><\/p>\n\n\n\n<h4 class=\"wp-block-heading\">Hagena, Katharina<\/h4>\n\n\n\n<p class=\"wp-block-paragraph\"><a href=\"https:\/\/serialectrice.com\/index.php\/2023\/07\/22\/le-gout-des-pepins-de-pomme\/\">Le go\u00fbt des p\u00e9pins de pomme<\/a><\/p>\n\n\n\n<h4 class=\"wp-block-heading\">Haig, Matt<\/h4>\n\n\n\n<p class=\"wp-block-paragraph\"><a href=\"https:\/\/serialectrice.com\/index.php\/2024\/10\/23\/les-radley\/\">Les Radley<\/a><\/p>\n\n\n\n<h4 class=\"wp-block-heading\">Hall Kelly, Martha<\/h4>\n\n\n\n<p class=\"wp-block-paragraph\"><a href=\"https:\/\/serialectrice.com\/index.php\/2020\/10\/09\/le-lilas-ne-refleurit-quapres-un-hiver-rigoureux\/\">Le lilas ne refleurit qu&rsquo;apr\u00e8s un hiver rigoureux<\/a><\/p>\n\n\n\n<p class=\"wp-block-paragraph\"><a href=\"https:\/\/serialectrice.com\/index.php\/2022\/05\/30\/le-tournesol-suit-toujours-la-lumiere-du-soleil\/\">Le tournesol suit toujours la lumi\u00e8re du soleil<\/a><\/p>\n\n\n\n<h4 class=\"wp-block-heading\">Halls, Stacey<\/h4>\n\n\n\n<p class=\"wp-block-paragraph\"><a href=\"https:\/\/serialectrice.com\/index.php\/2022\/11\/02\/les-sorcieres-de-pendle\/\">Les sorci\u00e8res de Pendle<\/a><\/p>\n\n\n\n<p class=\"wp-block-paragraph\"><a href=\"https:\/\/serialectrice.com\/index.php\/2023\/03\/05\/l-orpheline-de-foundling\/\">L&rsquo;orpheline de Foundling<\/a><\/p>\n\n\n\n<p class=\"wp-block-paragraph\"><a href=\"https:\/\/serialectrice.com\/index.php\/2024\/01\/01\/la-nurse-du-yorkshire-_-stacey-halls\/\">La nurse du Yorkshire<\/a><\/p>\n\n\n\n<h4 class=\"wp-block-heading\">Hamesse, Anne-Mich\u00e8le<\/h4>\n\n\n\n<p class=\"wp-block-paragraph\"><a href=\"https:\/\/serialectrice.com\/index.php\/2023\/02\/11\/le-rendez-vous-de-l-horloge\/\">Le rendez-vous de l&rsquo;horloge<\/a><\/p>\n\n\n\n<h4 class=\"wp-block-heading\">Hammer, B\u00e9atrice<\/h4>\n\n\n\n<p class=\"wp-block-paragraph\"><a href=\"https:\/\/serialectrice.com\/index.php\/2024\/12\/31\/une-baignoire-de-sang-_-beatrice-hammer\/\">Une baignoire de sang<\/a><\/p>\n\n\n\n<h4 class=\"wp-block-heading\">Harmon, Amy<\/h4>\n\n\n\n<p class=\"wp-block-paragraph\"><a href=\"https:\/\/serialectrice.com\/index.php\/2021\/10\/22\/ce-que-murmure-le-vent\/\">Ce que murmure le vent<\/a><\/p>\n\n\n\n<p class=\"wp-block-paragraph\"><a href=\"https:\/\/serialectrice.com\/wp-content\/uploads\/2024\/12\/Un-tourbillon-de-sable-et-de-cendre.jpg\">Un tourbillon de sable et de cendre<\/a><\/p>\n\n\n\n<h4 class=\"wp-block-heading\">Hassaine, Lilia<\/h4>\n\n\n\n<p class=\"wp-block-paragraph\"><a href=\"https:\/\/serialectrice.com\/index.php\/2022\/06\/17\/soleil-amer\/\">Soleil amer<\/a><\/p>\n\n\n\n<h4 class=\"wp-block-heading\">Hepburn, Helly<\/h4>\n\n\n\n<p class=\"wp-block-paragraph\"><a href=\"https:\/\/serialectrice.com\/index.php\/2022\/06\/08\/le-cinema-de-reve-face-a-la-mer\/\">Le cin\u00e9ma de r\u00eave face \u00e0 la mer<\/a><\/p>\n\n\n\n<h4 class=\"wp-block-heading\">H\u00e9raut, Clara<\/h4>\n\n\n\n<p class=\"wp-block-paragraph\"><a href=\"https:\/\/serialectrice.com\/index.php\/2024\/08\/18\/les-coquillages-ne-s-ouvrent-qu-en-ete\/\">Les coquillages ne s&rsquo;ouvrent qu&rsquo;en \u00e9t\u00e9<\/a><\/p>\n\n\n\n<h4 class=\"wp-block-heading\">Herrlemann, Florence<\/h4>\n\n\n\n<p class=\"wp-block-paragraph\"><a href=\"https:\/\/serialectrice.com\/index.php\/2023\/12\/05\/ou-le-dernier-coquelicot\/\">Ou le dernier coquelicot<\/a><\/p>\n\n\n\n<h4 class=\"wp-block-heading\">Higgins Clark, Mary<\/h4>\n\n\n\n<p class=\"wp-block-paragraph\"><a href=\"https:\/\/serialectrice.com\/index.php\/2021\/11\/08\/le-bleu-de-tes-yeux-_-mary-higgins-clark\/\">Le bleu de tes yeux<\/a><\/p>\n\n\n\n<h4 class=\"wp-block-heading\">Hiraide, Tokashi<\/h4>\n\n\n\n<p class=\"wp-block-paragraph\"><a href=\"https:\/\/serialectrice.com\/index.php\/2022\/10\/18\/le-chat-qui-venait-du-ciel\/\">Le chat qui venait du ciel<\/a><\/p>\n\n\n\n<h4 class=\"wp-block-heading\">Hobb, Robin<\/h4>\n\n\n\n<p class=\"wp-block-paragraph\"><a href=\"https:\/\/serialectrice.com\/index.php\/2022\/03\/18\/lassasin-royal-_-tome-1-_-robin-hobb\/\">L&rsquo;apprenti assassin<\/a><\/p>\n\n\n\n<h4 class=\"wp-block-heading\">Hoover, Colleen<\/h4>\n\n\n\n<p class=\"wp-block-paragraph\"><a href=\"https:\/\/serialectrice.com\/index.php\/2024\/07\/27\/november-9\/\">November 9<\/a><\/p>\n\n\n\n<h4 class=\"wp-block-heading\">Huguet, M\u00e9lusine<\/h4>\n\n\n\n<p class=\"wp-block-paragraph\"><a href=\"https:\/\/serialectrice.com\/index.php\/2023\/10\/26\/un-jour-de-plus-de-ton-absence-_-melusine-huguet\/\">Un jour de plus de ton absence<\/a><\/p>\n\n\n\n<h4 class=\"wp-block-heading\">Humm, Philibert<\/h4>\n\n\n\n<p class=\"wp-block-paragraph\"><a href=\"https:\/\/serialectrice.com\/index.php\/2024\/03\/26\/roman-fleuve-_-philibert-humm\/\">Roman Fleuve<\/a><\/p>\n\n\n\n<h4 class=\"wp-block-heading\">Huon, Anne-Ga\u00eblle<\/h4>\n\n\n\n<p class=\"wp-block-paragraph\"><a href=\"https:\/\/serialectrice.com\/index.php\/2024\/07\/19\/le-rossignol\/\">Le rossignol<\/a><\/p>\n\n\n\n<h2 class=\"wp-block-heading\">I<\/h2>\n\n\n\n<h4 class=\"wp-block-heading\">Ibrahim, Laila<\/h4>\n\n\n\n<p class=\"wp-block-paragraph\"><a href=\"https:\/\/serialectrice.com\/index.php\/2021\/12\/27\/le-crocus-jaune-_-laila-ibrahim\/\">Le crocus jaune<\/a><\/p>\n\n\n\n<p class=\"wp-block-paragraph\"><a href=\"https:\/\/serialectrice.com\/index.php\/2022\/03\/31\/un-grain-de-moutarde-_-laila-ibrahim\/\">Un grain de moutarde<\/a><\/p>\n\n\n\n<h4 class=\"wp-block-heading\">Indridason, Arnaldur<\/h4>\n\n\n\n<p class=\"wp-block-paragraph\"><a href=\"https:\/\/serialectrice.com\/index.php\/2022\/03\/25\/hypothermie\/\">Hypothermie<\/a><\/p>\n\n\n\n<p class=\"wp-block-paragraph\"><a href=\"https:\/\/serialectrice.com\/index.php\/2022\/12\/19\/la-cite-des-jarres\/\">La cit\u00e9 des jarres<\/a><\/p>\n\n\n\n<h2 class=\"wp-block-heading\" id=\"J\">J<\/h2>\n\n\n\n<h4 class=\"wp-block-heading\">Jacq, Christian<\/h4>\n\n\n\n<p class=\"wp-block-paragraph\"><a href=\"https:\/\/serialectrice.com\/index.php\/2022\/03\/27\/l-arbre-de-vie\/\">L&rsquo;arbre de vie<\/a><\/p>\n\n\n\n<h4 class=\"wp-block-heading\">Jacobs, Anne<\/h4>\n\n\n\n<p class=\"wp-block-paragraph\"><a href=\"https:\/\/serialectrice.com\/index.php\/2022\/11\/04\/la-villa-aux-etoffes\/\">La villa aux \u00e9toffes<\/a> &#8211; T.1<\/p>\n\n\n\n<p class=\"wp-block-paragraph\"><a href=\"https:\/\/serialectrice.com\/index.php\/2022\/12\/30\/les-filles-de-la-villa-aux-etoffes\/\">Les filles de la villa aux \u00e9toffes &#8211; T.2<\/a><\/p>\n\n\n\n<h4 class=\"wp-block-heading\">James, Peter<\/h4>\n\n\n\n<p class=\"wp-block-paragraph\"><a href=\"https:\/\/serialectrice.com\/index.php\/2023\/03\/26\/prophetie-_-peter-james\/\">Proph\u00e9tie<\/a><\/p>\n\n\n\n<h4 class=\"wp-block-heading\">Jenkins Reid, Taylor<\/h4>\n\n\n\n<p class=\"wp-block-paragraph\">Les sept maris d&rsquo;Evelyn Hugo<\/p>\n\n\n\n<h4 class=\"wp-block-heading\">Jewell, Lisa<\/h4>\n\n\n\n<p class=\"wp-block-paragraph\"><a href=\"https:\/\/serialectrice.com\/index.php\/2023\/07\/27\/on-se-reverra-_-lisa-jewell\/\">On se reverra<\/a><\/p>\n\n\n\n<h4 class=\"wp-block-heading\">Jomain, Sophie<\/h4>\n\n\n\n<p class=\"wp-block-paragraph\"><a href=\"https:\/\/serialectrice.com\/index.php\/2023\/12\/13\/m-asseoir-cinq-minutes-avec-toi\/\">M&rsquo;asseoir cinq minutes avec toi<\/a><\/p>\n\n\n\n<h4 class=\"wp-block-heading\">Jonasson, Ragnar<\/h4>\n\n\n\n<p class=\"wp-block-paragraph\"><a href=\"https:\/\/serialectrice.com\/index.php\/2021\/12\/19\/dix-ames-pas-plus-_-ragnar-jonasson\/\">Dix \u00e2mes, pas plus<\/a><\/p>\n\n\n\n<p class=\"wp-block-paragraph\"><a href=\"https:\/\/serialectrice.com\/index.php\/2023\/05\/25\/la-dame-de-reykjavik\/\">La dame de Reykjavik<\/a><\/p>\n\n\n\n<h4 class=\"wp-block-heading\">Jourgeaud, B\u00e9n\u00e9dicte<\/h4>\n\n\n\n<p class=\"wp-block-paragraph\"><a href=\"https:\/\/serialectrice.com\/index.php\/2022\/10\/23\/le-crime-parfait-d-agatha-christie\/\">Le crime parfait d&rsquo;Agatha Christie<\/a><\/p>\n\n\n\n<h4 class=\"wp-block-heading\">Joyce, Luna<\/h4>\n\n\n\n<p class=\"wp-block-paragraph\"><a href=\"https:\/\/serialectrice.com\/index.php\/2020\/10\/30\/community-luna-joice\/\">Community<\/a> <\/p>\n\n\n\n<h4 class=\"wp-block-heading\">Jusanx, Christine<\/h4>\n\n\n\n<p class=\"wp-block-paragraph\"><a href=\"https:\/\/serialectrice.com\/index.php\/2020\/10\/03\/la-folie-douce-_-christine-jusanx\/\">La folie douce<\/a><\/p>\n\n\n\n<h2 class=\"wp-block-heading\" id=\"K\">K<\/h2>\n\n\n\n<h4 class=\"wp-block-heading\">Kafka, Cynthia<\/h4>\n\n\n\n<p class=\"wp-block-paragraph\"><a href=\"https:\/\/serialectrice.com\/index.php\/2023\/06\/21\/le-sourire-aux-livres\/\">Le sourire aux livres<\/a><\/p>\n\n\n\n<h4 class=\"wp-block-heading\">Kanata, June<\/h4>\n\n\n\n<p class=\"wp-block-paragraph\"><a href=\"https:\/\/serialectrice.com\/index.php\/2020\/07\/30\/comment-jai-plaque-mon-boss-_-june-kanata\/\">Comment j&rsquo;ai plaqu\u00e9 mon boss<\/a><\/p>\n\n\n\n<h4 class=\"wp-block-heading\">Kawaguchi, Toshikazu<\/h4>\n\n\n\n<p class=\"wp-block-paragraph\"><a href=\"https:\/\/serialectrice.com\/index.php\/2024\/01\/03\/tant-que-le-cafe-est-encore-chaud\/\">Tant que le caf\u00e9 est encore chaud<\/a><\/p>\n\n\n\n<h4 class=\"wp-block-heading\">Kawamura, Genki<\/h4>\n\n\n\n<p class=\"wp-block-paragraph\"><a href=\"https:\/\/serialectrice.com\/index.php\/2023\/01\/17\/n-oublie-pas-les-fleurs\/\">N&rsquo;oublie pas les fleurs<\/a><\/p>\n\n\n\n<p class=\"wp-block-paragraph\"><a href=\"https:\/\/serialectrice.com\/index.php\/2023\/11\/25\/et-si-les-chats-disparaissaient-du-monde\/\">Et si les chats disparaissaient du monde<\/a><\/p>\n\n\n\n<h4 class=\"wp-block-heading\">K\u00e9rangal de Maylis<\/h4>\n\n\n\n<p class=\"wp-block-paragraph\"><a href=\"https:\/\/serialectrice.com\/index.php\/2024\/12\/13\/seyvoz-kerangal-sorman\/\">Seyvoz<\/a><\/p>\n\n\n\n<h4 class=\"wp-block-heading\">Kermel, Eric de<\/h4>\n\n\n\n<p class=\"wp-block-paragraph\"><a href=\"https:\/\/serialectrice.com\/index.php\/2021\/05\/08\/la-librairie-de-la-place-aux-herbes\/\">La librairie de la place aux herbes<\/a><\/p>\n\n\n\n<p class=\"wp-block-paragraph\"><a href=\"https:\/\/serialectrice.com\/index.php\/2024\/02\/12\/mon-coeur-contre-la-terre\/\">Mon coeur contre la terre<\/a><\/p>\n\n\n\n<p class=\"wp-block-paragraph\"><a href=\"https:\/\/serialectrice.com\/wp-content\/uploads\/2024\/05\/jardins-zagarand.jpg\">Les jardins de Zagarand<\/a><\/p>\n\n\n\n<h4 class=\"wp-block-heading\">Khadra, Yasmina<\/h4>\n\n\n\n<p class=\"wp-block-paragraph\"><a href=\"https:\/\/serialectrice.com\/index.php\/2024\/09\/18\/coeur-d-amande\/\">Coeur-d&rsquo;amande<\/a><\/p>\n\n\n\n<h4 class=\"wp-block-heading\">Khayat, Ondine<\/h4>\n\n\n\n<p class=\"wp-block-paragraph\"><a href=\"https:\/\/serialectrice.com\/index.php\/2022\/03\/23\/les-petits-soleils-de-chaque-jour\/\">Les petits soleils de chaque jour<\/a><\/p>\n\n\n\n<h4 class=\"wp-block-heading\">Khoury, Sam<\/h4>\n\n\n\n<p class=\"wp-block-paragraph\"><a href=\"https:\/\/serialectrice.com\/index.php\/2023\/03\/13\/chambre-55\/\">Chambre 55<\/a><\/p>\n\n\n\n<h4 class=\"wp-block-heading\">Khoury-Ghata, V\u00e9nus<\/h4>\n\n\n\n<p class=\"wp-block-paragraph\"><a href=\"https:\/\/serialectrice.com\/index.php\/2023\/09\/16\/ce-qui-reste-des-hommes\/\">Ce qui reste des hommes<\/a><\/p>\n\n\n\n<h4 class=\"wp-block-heading\">Kibler, Julie<\/h4>\n\n\n\n<p class=\"wp-block-paragraph\"><a href=\"https:\/\/serialectrice.com\/index.php\/2021\/05\/03\/la-maison-des-egarees-_-julie-kibler\/\">La maison des \u00e9gar\u00e9es<\/a><\/p>\n\n\n\n<h4 class=\"wp-block-heading\">King, Stephen<\/h4>\n\n\n\n<p class=\"wp-block-paragraph\"><a href=\"https:\/\/serialectrice.com\/index.php\/2023\/05\/17\/desolation-stephen-king\/\">D\u00e9solation<\/a><\/p>\n\n\n\n<p class=\"wp-block-paragraph\"><a href=\"https:\/\/serialectrice.com\/index.php\/2024\/04\/06\/holly\/\">Holly<\/a><\/p>\n\n\n\n<h4 class=\"wp-block-heading\">Knox, Joseph<\/h4>\n\n\n\n<p class=\"wp-block-paragraph\"><a href=\"https:\/\/serialectrice.com\/index.php\/2021\/03\/23\/chambre-413-_-joseph-knox\/\">Chambre 413<\/a><\/p>\n\n\n\n<h4 class=\"wp-block-heading\">Koessler, Laurent<\/h4>\n\n\n\n<p class=\"wp-block-paragraph\"><a href=\"https:\/\/serialectrice.com\/index.php\/2022\/09\/04\/envers-et-malgre-nous\/\">Envers et malgr\u00e9 nous<\/a><\/p>\n\n\n\n<p class=\"wp-block-paragraph\"><a href=\"https:\/\/serialectrice.com\/index.php\/2024\/07\/13\/maginot-les-rescapes\/\">Maginot : les rescap\u00e9s<\/a><\/p>\n\n\n\n<h4 class=\"wp-block-heading\">Kourkov, Andre\u00ef<\/h4>\n\n\n\n<p class=\"wp-block-paragraph\"><a href=\"https:\/\/serialectrice.com\/index.php\/2023\/07\/15\/le-pingouin\/\">Le pingouin<\/a><\/p>\n\n\n\n<h4 class=\"wp-block-heading\">Kutsukake, Lynne<\/h4>\n\n\n\n<p class=\"wp-block-paragraph\"><a href=\"https:\/\/serialectrice.com\/index.php\/2023\/04\/19\/le-traducteur-des-lettres-d-amour-lynne-kutsukake\/\">Le traducteur des lettres d&rsquo;amour <\/a><\/p>\n\n\n\n<h2 class=\"wp-block-heading\" id=\"L\">L<\/h2>\n\n\n\n<h4 class=\"wp-block-heading\">Laipsker, Alexis<\/h4>\n\n\n\n<p class=\"wp-block-paragraph\"><a href=\"https:\/\/serialectrice.com\/index.php\/2021\/07\/30\/et-avec-votre-esprit\/\">&#8230;Et avec votre esprit<\/a><\/p>\n\n\n\n<p class=\"wp-block-paragraph\"><a href=\"https:\/\/serialectrice.com\/index.php\/2023\/06\/05\/les-poupees\/\">Les poup\u00e9es<\/a><\/p>\n\n\n\n<p class=\"wp-block-paragraph\"><a href=\"https:\/\/serialectrice.com\/index.php\/2024\/07\/21\/hurlements\/\">Hurlements<\/a><\/p>\n\n\n\n<h4 class=\"wp-block-heading\">Lake, Nora<\/h4>\n\n\n\n<p class=\"wp-block-paragraph\"><a href=\"https:\/\/serialectrice.com\/wp-content\/uploads\/2024\/10\/CVT_Les-Larmes-de-lAsphodele_2969.webp\">Les larmes de l&rsquo;Asphod\u00e8le<\/a><\/p>\n\n\n\n<p class=\"wp-block-paragraph\"><a href=\"https:\/\/serialectrice.com\/index.php\/2023\/12\/21\/des-cendres-sur-tes-mains\/\">Des cendres sur tes mains<\/a><\/p>\n\n\n\n<h4 class=\"wp-block-heading\">Lapouge, Oriane<\/h4>\n\n\n\n<p class=\"wp-block-paragraph\"><a href=\"https:\/\/serialectrice.com\/index.php\/2023\/12\/30\/l-etoile-de-la-liberte-_-oriane-lapouge\/\">L&rsquo;\u00e9toile de la libert\u00e9<\/a><\/p>\n\n\n\n<h4 class=\"wp-block-heading\">Larrea, Maria<\/h4>\n\n\n\n<p class=\"wp-block-paragraph\"><a href=\"https:\/\/serialectrice.com\/index.php\/2023\/10\/08\/les-gens-de-bilbao-naissent-ou-ils-veulent\/\">Les gens de Bilbao naissent o\u00f9 ils veulent<\/a><\/p>\n\n\n\n<h4 class=\"wp-block-heading\">Larrivain, Val\u00e9rie<\/h4>\n\n\n\n<p class=\"wp-block-paragraph\"><a href=\"https:\/\/serialectrice.com\/index.php\/2023\/04\/02\/la-boite-sous-la-peniche\/\">La bo\u00eete sous la p\u00e9niche<\/a><\/p>\n\n\n\n<h4 class=\"wp-block-heading\">Laudet, Vincent<\/h4>\n\n\n\n<p class=\"wp-block-paragraph\"><a href=\"https:\/\/serialectrice.com\/index.php\/2022\/11\/08\/frere-vincent-laudet\/\">Fr\u00e8re <\/a><\/p>\n\n\n\n<h4 class=\"wp-block-heading\">Laurain, Antoine<\/h4>\n\n\n\n<p class=\"wp-block-paragraph\"><a href=\"https:\/\/serialectrice.com\/index.php\/2022\/04\/15\/la-femme-au-carnet-rouge\/\">La femme au carnet rouge<\/a><\/p>\n\n\n\n<h4 class=\"wp-block-heading\">Lavall\u00e9, Val\u00e9rie<\/h4>\n\n\n\n<p class=\"wp-block-paragraph\"><a href=\"https:\/\/serialectrice.com\/index.php\/2023\/08\/16\/saisis-ta-chance-calypso\/\">Saisis ta chance Calypso<\/a><\/p>\n\n\n\n<h4 class=\"wp-block-heading\">Leary, Ann<\/h4>\n\n\n\n<p class=\"wp-block-paragraph\"><a href=\"https:\/\/serialectrice.com\/index.php\/2023\/05\/13\/nettleton-state-village\/\">Nettleton State Village<\/a><\/p>\n\n\n\n<h4 class=\"wp-block-heading\">Leblanc, Maurice<\/h4>\n\n\n\n<p class=\"wp-block-paragraph\"><a href=\"https:\/\/serialectrice.com\/index.php\/2021\/03\/29\/arsene-lupin-gentleman-cambrioleur\/\">Ars\u00e8ne Lupin, Gentleman cambrioleur<\/a><\/p>\n\n\n\n<h4 class=\"wp-block-heading\">Leboulanger, Jean-Michel<\/h4>\n\n\n\n<p class=\"wp-block-paragraph\"><a href=\"https:\/\/serialectrice.com\/index.php\/2024\/07\/29\/tueur-retraite-cherche-petits-boulots\/\">Tueur retrait\u00e9 cherche petits boulots<\/a><\/p>\n\n\n\n<h4 class=\"wp-block-heading\">Leduc, Franck<\/h4>\n\n\n\n<p class=\"wp-block-paragraph\"><a href=\"https:\/\/serialectrice.com\/index.php\/2024\/08\/16\/duel-frank-leduc\/\">Duel<\/a><\/p>\n\n\n\n<h4 class=\"wp-block-heading\">Lee, Min Jin<\/h4>\n\n\n\n<p class=\"wp-block-paragraph\"><a href=\"https:\/\/serialectrice.com\/index.php\/2022\/01\/27\/pachinko-_-min-jin-lee\/\">Pachinko<\/a><\/p>\n\n\n\n<h4 class=\"wp-block-heading\">Lefebvre, J\u00e9r\u00e9mie<\/h4>\n\n\n\n<p class=\"wp-block-paragraph\"><a href=\"https:\/\/serialectrice.com\/index.php\/2023\/01\/26\/l-italienne-qui-ne-voulait-pas-feter-noel\/\">L&rsquo;italienne qui ne voulait pas f\u00eater No\u00ebl<\/a><\/p>\n\n\n\n<h4 class=\"wp-block-heading\">Legardinier, Gilles<\/h4>\n\n\n\n<p class=\"wp-block-paragraph\"><a href=\"https:\/\/serialectrice.com\/index.php\/2020\/10\/15\/comme-une-ombre-_-legardinier\/\">Comme une ombre<\/a><\/p>\n\n\n\n<p class=\"wp-block-paragraph\"><a href=\"https:\/\/serialectrice.com\/index.php\/2020\/08\/31\/demain-jarrete-gilles-legardinier\/\">Demain j&rsquo;arr\u00eate !<\/a><\/p>\n\n\n\n<h4 class=\"wp-block-heading\">L\u00e9ger, Hugo<\/h4>\n\n\n\n<p class=\"wp-block-paragraph\"><a href=\"https:\/\/serialectrice.com\/index.php\/2023\/12\/23\/la-jalousie-est-un-vilain-defaut\/\">La jalousie est un vilain d\u00e9faut<\/a><\/p>\n\n\n\n<h4 class=\"wp-block-heading\">Lema\u00eetre, Pierre<\/h4>\n\n\n\n<p class=\"wp-block-paragraph\"><a href=\"https:\/\/serialectrice.com\/index.php\/2024\/05\/13\/miroir-de-nos-peines-_-pierre-lemaitre\/\">Miroir de nos peines<\/a><\/p>\n\n\n\n<h4 class=\"wp-block-heading\">Le Nabour, Eric<\/h4>\n\n\n\n<p class=\"wp-block-paragraph\"><a href=\"https:\/\/serialectrice.com\/index.php\/2022\/12\/16\/cruels-sont-les-rivages\/\">Cruels sont les rivages<\/a><\/p>\n\n\n\n<h4 class=\"wp-block-heading\">Leon, Donna<\/h4>\n\n\n\n<p class=\"wp-block-paragraph\"><a href=\"https:\/\/serialectrice.com\/index.php\/2022\/02\/22\/l-inconnu-du-grand-canal\/\">L&rsquo;inconnu du grand canal<\/a><\/p>\n\n\n\n<h4 class=\"wp-block-heading\">L\u00e9on, Christophe<\/h4>\n\n\n\n<p class=\"wp-block-paragraph\"><a href=\"https:\/\/serialectrice.com\/index.php\/2023\/07\/31\/linsurrection-imperiale-_-christophe-leon\/\">L&rsquo;insurrection imp\u00e9riale<\/a><\/p>\n\n\n\n<h4 class=\"wp-block-heading\">Letourneur, Charlotte<\/h4>\n\n\n\n<p class=\"wp-block-paragraph\"><a href=\"https:\/\/serialectrice.com\/index.php\/2022\/12\/09\/insignis\/\">Insignis<\/a><\/p>\n\n\n\n<h4 class=\"wp-block-heading\">Levy, Marc<\/h4>\n\n\n\n<p class=\"wp-block-paragraph\"><a href=\"https:\/\/serialectrice.com\/index.php\/2020\/11\/05\/letrange-voyage-de-monsieur-daldry\/\">L&rsquo;\u00e9trange voyage de Monsieur Daldry<\/a><\/p>\n\n\n\n<p class=\"wp-block-paragraph\"><a href=\"https:\/\/serialectrice.com\/index.php\/2021\/04\/04\/sept-jours-pour-une-eternite\/\">Sept jours pour une \u00e9ternit\u00e9<\/a><\/p>\n\n\n\n<p class=\"wp-block-paragraph\"><a href=\"https:\/\/serialectrice.com\/index.php\/2021\/12\/31\/ghost-in-love-_-marc-levy\/\">Ghost in love<\/a><\/p>\n\n\n\n<p class=\"wp-block-paragraph\"><a href=\"https:\/\/serialectrice.com\/index.php\/2023\/04\/21\/la-prochaine-fois\/\">La prochaine fois<\/a><\/p>\n\n\n\n<p class=\"wp-block-paragraph\"><a href=\"https:\/\/serialectrice.com\/index.php\/2024\/12\/17\/la-librairie-des-livres-interdits\/\">La librairie des livres interdits<\/a><\/p>\n\n\n\n<h4 class=\"wp-block-heading\">Lewis Carroll<\/h4>\n\n\n\n<p class=\"wp-block-paragraph\"><a href=\"https:\/\/serialectrice.com\/index.php\/2021\/04\/07\/alice-au-pays-des-merveilles\/\">Alice au pays des merveilles <\/a><\/p>\n\n\n\n<h4 class=\"wp-block-heading\">Loevenbruck, Henri<\/h4>\n\n\n\n<p class=\"wp-block-paragraph\"><a href=\"https:\/\/serialectrice.com\/index.php\/2020\/10\/22\/la-moira-2-la-guerre-des-loups\/\">La Mo\u00efra T.2 : la guerre des loups<\/a><\/p>\n\n\n\n<p class=\"wp-block-paragraph\"><a href=\"https:\/\/serialectrice.com\/index.php\/2020\/11\/25\/la-moira-t-3-la-nuit-de-la-louve\/\">La Mo\u00cfra T.3 : la nuit de la louve <\/a><\/p>\n\n\n\n<p class=\"wp-block-paragraph\"><a href=\"https:\/\/serialectrice.com\/index.php\/2020\/12\/15\/le-louvetier-gallica-t-1\/\">Gallica T.1 : le louvetier<\/a><\/p>\n\n\n\n<p class=\"wp-block-paragraph\"><a href=\"https:\/\/serialectrice.com\/index.php\/2021\/01\/19\/la-voix-des-brumes\/\">Gallica T.2 : la voix des brumes <\/a><\/p>\n\n\n\n<p class=\"wp-block-paragraph\"><a href=\"https:\/\/serialectrice.com\/index.php\/2021\/03\/01\/les-enfants-de-la-veuve-_-gallica-t-3\/\">Gallica T.3 : les enfants de la veuve<\/a><\/p>\n\n\n\n<p class=\"wp-block-paragraph\"><a href=\"https:\/\/serialectrice.com\/index.php\/2020\/11\/21\/le-loup-des-cordeliers-_-henri-loevenbruck\/\">Le loup des cordeliers<\/a> &#8211; Gabriel Joly T.1<\/p>\n\n\n\n<p class=\"wp-block-paragraph\"><a href=\"https:\/\/serialectrice.com\/index.php\/2021\/01\/09\/le-mystere-de-la-main-rouge\/\">Le myst\u00e8re de la main rouge<\/a> &#8211; Gabriel Joly T.2<\/p>\n\n\n\n<p class=\"wp-block-paragraph\"><a href=\"https:\/\/serialectrice.com\/index.php\/2023\/03\/15\/lassassin-de-la-rue-voltaire-_-henri-loevenbruck\/\">L&rsquo;assassin de la rue Voltaire<\/a> &#8211; Gabriel Joly T.3<\/p>\n\n\n\n<p class=\"wp-block-paragraph\"><a href=\"https:\/\/serialectrice.com\/index.php\/2020\/12\/17\/le-testament-des-siecles-_-loevenbruck\/\">Le testament des si\u00e8cles<\/a><\/p>\n\n\n\n<p class=\"wp-block-paragraph\"><a href=\"https:\/\/serialectrice.com\/index.php\/2022\/04\/25\/le-syndrome-copernic\/\">Le syndr\u00f4me Copernic<\/a><\/p>\n\n\n\n<p class=\"wp-block-paragraph\"><a href=\"https:\/\/serialectrice.com\/index.php\/2023\/04\/23\/les-disparus-de-blackmore\/\">Les disparus de Blackmore<\/a><\/p>\n\n\n\n<p class=\"wp-block-paragraph\"><a href=\"https:\/\/serialectrice.com\/index.php\/2023\/11\/19\/le-rasoir-d-ockham\/\">Le rasoir d&rsquo;Ockham<\/a><\/p>\n\n\n\n<p class=\"wp-block-paragraph\"><a href=\"https:\/\/serialectrice.com\/index.php\/2024\/11\/18\/pour-ne-rien-regretter\/\">Pour ne rien regretter<\/a><\/p>\n\n\n\n<h4 class=\"wp-block-heading\">Logan, T-M<\/h4>\n\n\n\n<p class=\"wp-block-paragraph\"><a href=\"https:\/\/serialectrice.com\/index.php\/2020\/09\/10\/holiday-logan\/\">Holiday<\/a><\/p>\n\n\n\n<h4 class=\"wp-block-heading\">Loubi\u00e8re, Sophie<\/h4>\n\n\n\n<p class=\"wp-block-paragraph\"><a href=\"https:\/\/serialectrice.com\/index.php\/2022\/10\/25\/cinq-cartes-brulees\/\">Cinq cartes br\u00fbl\u00e9es<\/a><\/p>\n\n\n\n<h4 class=\"wp-block-heading\">Loubry, J\u00e9r\u00f4me<\/h4>\n\n\n\n<p class=\"wp-block-paragraph\"><a href=\"https:\/\/serialectrice.com\/index.php\/2021\/08\/13\/les-refuges-_-jerome-loubry\/\">Les refuges<\/a><\/p>\n\n\n\n<h4 class=\"wp-block-heading\">Luce, Renan<\/h4>\n\n\n\n<p class=\"wp-block-paragraph\"><a href=\"https:\/\/serialectrice.com\/index.php\/2023\/05\/15\/une-famille-inquiete-_-renan-luce\/\">Une famille inqui\u00e8te<\/a><\/p>\n\n\n\n<h2 class=\"wp-block-heading\" id=\"M\">M<\/h2>\n\n\n\n<h4 class=\"wp-block-heading\">MacDonald, Patricia<\/h4>\n\n\n\n<p class=\"wp-block-paragraph\"><a href=\"https:\/\/serialectrice.com\/index.php\/2023\/06\/13\/une-mere-sous-influence\/\">Une m\u00e8re sous influence<\/a><\/p>\n\n\n\n<h4 class=\"wp-block-heading\">MacMillan, Gilly<\/h4>\n\n\n\n<p class=\"wp-block-paragraph\"><a href=\"https:\/\/serialectrice.com\/index.php\/2020\/09\/24\/la-nanny-_-gilly-macmillan\/\">La Nanny<\/a><\/p>\n\n\n\n<h4 class=\"wp-block-heading\">Macneal Elizabeth<\/h4>\n\n\n\n<p class=\"wp-block-paragraph\"><a href=\"https:\/\/serialectrice.com\/index.php\/2023\/05\/27\/le-cirque-des-merveilles-_-elizabeth-macneal\/\">Le cirque des merveilles<\/a><\/p>\n\n\n\n<h4 class=\"wp-block-heading\">Macomber, Debbie<\/h4>\n\n\n\n<p class=\"wp-block-paragraph\"><a href=\"https:\/\/serialectrice.com\/index.php\/2023\/07\/18\/la-maison-d-hotes\/\">La maison d&rsquo;h\u00f4tes<\/a><\/p>\n\n\n\n<p class=\"wp-block-paragraph\"><a href=\"https:\/\/serialectrice.com\/index.php\/2023\/12\/15\/la-surprise-de-noel\/\">La surprise de No\u00ebl<\/a><\/p>\n\n\n\n<h4 class=\"wp-block-heading\">Maddie D<\/h4>\n\n\n\n<p class=\"wp-block-paragraph\"><a href=\"https:\/\/serialectrice.com\/index.php\/2020\/07\/22\/si-tu-pouvais-juste-me-sourire\/\">Si tu pouvais juste me sourire<\/a><\/p>\n\n\n\n<h4 class=\"wp-block-heading\">Magliani, Marino<\/h4>\n\n\n\n<p class=\"wp-block-paragraph\"><a href=\"https:\/\/serialectrice.com\/index.php\/2022\/09\/14\/sous-les-ciels-de-zeewijk\/\">Sous les ciels de Zeewijk<\/a><\/p>\n\n\n\n<h4 class=\"wp-block-heading\">Malot, Laurent<\/h4>\n\n\n\n<p class=\"wp-block-paragraph\"><a href=\"https:\/\/serialectrice.com\/index.php\/2024\/04\/02\/monsieur-antoine\/\">Monsieur Antoine<\/a><\/p>\n\n\n\n<h4 class=\"wp-block-heading\">Malzieu, Mathias<\/h4>\n\n\n\n<p class=\"wp-block-paragraph\"><a href=\"https:\/\/serialectrice.com\/index.php\/2022\/07\/22\/le-guerrier-de-porcelaine\/\">Le guerrier de porcelaine<\/a><\/p>\n\n\n\n<h4 class=\"wp-block-heading\">Manchette, Ludovic<\/h4>\n\n\n\n<p class=\"wp-block-paragraph\"><a href=\"https:\/\/serialectrice.com\/index.php\/2022\/07\/12\/alabama-1963-_-manchette-et-niemec\/\">Alabama 1963<\/a><\/p>\n\n\n\n<p class=\"wp-block-paragraph\"><a href=\"https:\/\/serialectrice.com\/index.php\/2022\/08\/17\/americas\/\">America[s]<\/a><\/p>\n\n\n\n<h4 class=\"wp-block-heading\">Markogiannakis, Christos<\/h4>\n\n\n\n<p class=\"wp-block-paragraph\"><a href=\"https:\/\/serialectrice.com\/index.php\/2021\/08\/03\/au-cinquieme-etage-de-la-faculte-de-droit\/\">Au cinqui\u00e8me \u00e9tage de la facult\u00e9 de droit<\/a><\/p>\n\n\n\n<h4 class=\"wp-block-heading\">Marshall, Heather<\/h4>\n\n\n\n<p class=\"wp-block-paragraph\"><a href=\"https:\/\/serialectrice.com\/index.php\/2024\/11\/05\/le-reseau-jane\/\">Le r\u00e9seau Jane<\/a><\/p>\n\n\n\n<h4 class=\"wp-block-heading\">Marsons, Angela<\/h4>\n\n\n\n<p class=\"wp-block-paragraph\"><a href=\"https:\/\/serialectrice.com\/index.php\/2021\/07\/18\/le-pensionnat-des-innocentes\/\">Le pensionnat des innocentes<\/a><\/p>\n\n\n\n<h4 class=\"wp-block-heading\">Massey, Sujata<\/h4>\n\n\n\n<p class=\"wp-block-paragraph\"><a href=\"https:\/\/serialectrice.com\/index.php\/2025\/01\/31\/les-veuves-de-malabar-hill\/\">Les veuves de Malabar Hill<\/a><\/p>\n\n\n\n<h4 class=\"wp-block-heading\">Mazetti, Katerina<\/h4>\n\n\n\n<p class=\"wp-block-paragraph\"><a href=\"https:\/\/serialectrice.com\/index.php\/2022\/07\/24\/le-mec-de-la-tombe-d-a-cote\/\">Le mec de la tombe d&rsquo;\u00e0 c\u00f4t\u00e9<\/a><\/p>\n\n\n\n<h4 class=\"wp-block-heading\">Mbougar Sarr, Mohamed<\/h4>\n\n\n\n<p class=\"wp-block-paragraph\"><a href=\"https:\/\/serialectrice.com\/index.php\/2022\/09\/22\/la-plus-secrete-memoire-des-hommes\/\">La plus secr\u00e8te m\u00e9moire des hommes<\/a><\/p>\n\n\n\n<h4 class=\"wp-block-heading\">McCann, Colum<\/h4>\n\n\n\n<p class=\"wp-block-paragraph\"><a href=\"https:\/\/serialectrice.com\/index.php\/2021\/12\/17\/apeirogon-_-colum-mccann\/\">Apeirogon<\/a><\/p>\n\n\n\n<h4 class=\"wp-block-heading\">McDaniel, Tiffany<\/h4>\n\n\n\n<p class=\"wp-block-paragraph\"><a href=\"https:\/\/serialectrice.com\/index.php\/2022\/04\/23\/betty\/\">Betty <\/a><\/p>\n\n\n\n<h4 class=\"wp-block-heading\">McDowell, Michael<\/h4>\n\n\n\n<p class=\"wp-block-paragraph\"><a href=\"https:\/\/serialectrice.com\/index.php\/2022\/08\/03\/blackwater-t-1-la-crue\/\">Blackwater, La crue T.1<\/a><\/p>\n\n\n\n<p class=\"wp-block-paragraph\"><a href=\"https:\/\/serialectrice.com\/index.php\/2023\/12\/07\/blackwater-ii-la-digue-_-michael-mcdowell\/\">Blackwater, La digue T.2<\/a><\/p>\n\n\n\n<p class=\"wp-block-paragraph\"><a href=\"https:\/\/serialectrice.com\/index.php\/2023\/08\/30\/les-aiguilles-d-or\/\">Les aiguilles d&rsquo;or<\/a><\/p>\n\n\n\n<h4 class=\"wp-block-heading\">McFadden, Freida<\/h4>\n\n\n\n<p class=\"wp-block-paragraph\"><a href=\"https:\/\/serialectrice.com\/index.php\/2024\/07\/17\/la-femme-de-menage\/\">La femme de m\u00e9nage<\/a><\/p>\n\n\n\n<h4 class=\"wp-block-heading\">McGowan, Claire<\/h4>\n\n\n\n<p class=\"wp-block-paragraph\"><a href=\"https:\/\/serialectrice.com\/index.php\/2023\/06\/11\/dans-mon-ombre\/\">Dans mon ombre<\/a><\/p>\n\n\n\n<h4 class=\"wp-block-heading\">McKinley, Tamara<\/h4>\n\n\n\n<p class=\"wp-block-paragraph\"><a href=\"https:\/\/serialectrice.com\/index.php\/2021\/05\/20\/les-echos-du-souvenir\/\">Les \u00e9chos du souvenir<\/a><\/p>\n\n\n\n<h4 class=\"wp-block-heading\">McKinty, Adrian<\/h4>\n\n\n\n<p class=\"wp-block-paragraph\"><a href=\"https:\/\/serialectrice.com\/index.php\/2021\/07\/20\/la-chaine-_-adrian-mckinty\/\">La cha\u00eene<\/a><\/p>\n\n\n\n<h4 class=\"wp-block-heading\">McPartlin, Anna<\/h4>\n\n\n\n<p class=\"wp-block-paragraph\"><a href=\"https:\/\/serialectrice.com\/index.php\/2022\/05\/04\/les-derniers-jours-de-rabbit-hayes\/\">Les derniers jours de Rabbit Hayes<\/a><\/p>\n\n\n\n<p class=\"wp-block-paragraph\"><a href=\"https:\/\/serialectrice.com\/index.php\/2022\/05\/26\/sous-un-grand-ciel-bleu\/\">Sous un grand ciel bleu<\/a><\/p>\n\n\n\n<h4 class=\"wp-block-heading\">Meacham, Leila<\/h4>\n\n\n\n<p class=\"wp-block-paragraph\"><a href=\"https:\/\/serialectrice.com\/index.php\/2023\/08\/11\/les-orphelins-de-kersey\/\">Les orphelins de Kersey<\/a><\/p>\n\n\n\n<p class=\"wp-block-paragraph\"><a href=\"https:\/\/serialectrice.com\/index.php\/2024\/02\/04\/l-heritage-des-langston\/\">L&rsquo;h\u00e9ritage des Langston<\/a><\/p>\n\n\n\n<h4 class=\"wp-block-heading\">M\u00e9n\u00e9trier McGrath, Charlye<\/h4>\n\n\n\n<p class=\"wp-block-paragraph\"><a href=\"https:\/\/serialectrice.com\/index.php\/2021\/05\/14\/les-sales-gosses\/\">Les sales gosses<\/a><\/p>\n\n\n\n<h4 class=\"wp-block-heading\">M\u00e9nibus de, C\u00e9cile<\/h4>\n\n\n\n<p class=\"wp-block-paragraph\"><a href=\"https:\/\/serialectrice.com\/index.php\/2024\/08\/04\/je-voudrais-tout-prendre-d-elle\/\">Je voudrais tout prendre d&rsquo;elle<\/a><\/p>\n\n\n\n<h4 class=\"wp-block-heading\">Mestron, Herv\u00e9<\/h4>\n\n\n\n<p class=\"wp-block-paragraph\"><a href=\"https:\/\/serialectrice.com\/index.php\/2023\/11\/10\/on-acheve-bien-les-poissons-rouges\/\">On ach\u00e8ve bien les poissons rouges<\/a><\/p>\n\n\n\n<h4 class=\"wp-block-heading\">Metz, M\u00e9linda<\/h4>\n\n\n\n<p class=\"wp-block-paragraph\"><a href=\"https:\/\/serialectrice.com\/index.php\/2021\/05\/05\/mac-sur-un-toit-brulant\/\">Mac sur un toit br\u00fblant<\/a><\/p>\n\n\n\n<h4 class=\"wp-block-heading\">Meurice, Guillaume<\/h4>\n\n\n\n<p class=\"wp-block-paragraph\"><a href=\"https:\/\/serialectrice.com\/index.php\/2025\/03\/09\/petit-eloge-de-la-mediocrite\/\">Petit \u00e9loge de la m\u00e9diocrit\u00e9<\/a><\/p>\n\n\n\n<p class=\"wp-block-paragraph\"><a href=\"https:\/\/serialectrice.com\/index.php\/2024\/05\/11\/les-vraies-gens-_-guillaume-meurice\/\">Les vraies gens<\/a><\/p>\n\n\n\n<p class=\"wp-block-paragraph\"><a href=\"https:\/\/serialectrice.com\/index.php\/2024\/10\/29\/la-revolte-sans-precedent\/\">La r\u00e9volte sans pr\u00e9c\u00e9dent<\/a><\/p>\n\n\n\n<h4 class=\"wp-block-heading\">Mi-Ae, Seo<\/h4>\n\n\n\n<p class=\"wp-block-paragraph\"><a href=\"https:\/\/serialectrice.com\/index.php\/2021\/05\/12\/bonne-nuit-maman-_-seo-mi-ae\/\">Bonne nuit maman<\/a><\/p>\n\n\n\n<h4 class=\"wp-block-heading\">Midwood, Ellie<\/h4>\n\n\n\n<p class=\"wp-block-paragraph\"><a href=\"https:\/\/serialectrice.com\/index.php\/2023\/09\/20\/la-fille-a-la-robe-rayee\/\">La fille \u00e0 la robe ray\u00e9e<\/a><\/p>\n\n\n\n<p class=\"wp-block-paragraph\"><a href=\"https:\/\/serialectrice.com\/index.php\/2024\/09\/27\/le-couple-qui-defia-les-nazis-_-ellie-midwood\/\">Le couple qui d\u00e9fia les nazis<\/a><\/p>\n\n\n\n<h4 class=\"wp-block-heading\">Mihaileanu, Radu<\/h4>\n\n\n\n<p class=\"wp-block-paragraph\"><a href=\"https:\/\/serialectrice.com\/index.php\/2020\/10\/26\/va-vis-et-deviens-_-radu-mihailenu\/\">Va, vis, deviens<\/a> <\/p>\n\n\n\n<h4 class=\"wp-block-heading\">Million, Maddy<\/h4>\n\n\n\n<p class=\"wp-block-paragraph\"><a href=\"https:\/\/serialectrice.com\/index.php\/2023\/02\/18\/libertad-maddy-million\/\">Libertad<\/a><\/p>\n\n\n\n<h4 class=\"wp-block-heading\">Minier, Bernard<\/h4>\n\n\n\n<p class=\"wp-block-paragraph\"><a href=\"https:\/\/serialectrice.com\/index.php\/2022\/08\/13\/glace-_-bernard-minier\/\">Glac\u00e9<\/a><\/p>\n\n\n\n<h4 class=\"wp-block-heading\">Moatti, Michel<\/h4>\n\n\n\n<p class=\"wp-block-paragraph\"><a href=\"https:\/\/serialectrice.com\/index.php\/2024\/10\/04\/rapport-sur-nordahl-l\/\">Rapport sur Nordahl L<\/a><\/p>\n\n\n\n<p class=\"wp-block-paragraph\"><a href=\"https:\/\/serialectrice.com\/index.php\/2024\/08\/12\/et-tout-sera-silence\/\">Et tout sera silence<\/a><\/p>\n\n\n\n<h4 class=\"wp-block-heading\">Montoriol, Morgane<\/h4>\n\n\n\n<p class=\"wp-block-paragraph\"><a href=\"https:\/\/serialectrice.com\/index.php\/2021\/02\/25\/taches-rousses-_-morgane-montoriol\/\">T\u00e2ches rousses<\/a><\/p>\n\n\n\n<h4 class=\"wp-block-heading\">Moreno-Garcia, Silvia<\/h4>\n\n\n\n<p class=\"wp-block-paragraph\"><a href=\"https:\/\/serialectrice.com\/index.php\/2023\/01\/23\/la-fille-du-docteur-moreau\/\">La fille du Docteur Moreau<\/a><\/p>\n\n\n\n<h4 class=\"wp-block-heading\">Morgan, Sarah<\/h4>\n\n\n\n<p class=\"wp-block-paragraph\"><a href=\"https:\/\/serialectrice.com\/index.php\/2020\/09\/06\/un-ete-dans-la-ville-de-lamour\/\">Un \u00e9t\u00e9 dans la ville de l&rsquo;amour<\/a><\/p>\n\n\n\n<h4 class=\"wp-block-heading\">Moriarty, Liane<\/h4>\n\n\n\n<p class=\"wp-block-paragraph\"><a href=\"https:\/\/serialectrice.com\/index.php\/2020\/12\/23\/a-la-recherche-d-alice-love\/\">A la recherche d&rsquo;Alice Love<\/a><\/p>\n\n\n\n<h4 class=\"wp-block-heading\">Morris, Heather<\/h4>\n\n\n\n<p class=\"wp-block-paragraph\"><a href=\"https:\/\/serialectrice.com\/index.php\/2021\/03\/15\/le-tatoueur-dauschwitz-_-heather-morris\/\">Le tatoueur d&rsquo;Auschwitz<\/a><\/p>\n\n\n\n<h4 class=\"wp-block-heading\">Morrison, Toni<\/h4>\n\n\n\n<p class=\"wp-block-paragraph\"><a href=\"https:\/\/serialectrice.com\/index.php\/2022\/08\/05\/home-_-toni-morrison\/\">Home<\/a><\/p>\n\n\n\n<h4 class=\"wp-block-heading\">Morton, Leane<\/h4>\n\n\n\n<p class=\"wp-block-paragraph\"><a href=\"https:\/\/serialectrice.com\/index.php\/2020\/06\/15\/cherche-inspiration-desesperement-_-leane-morton\/\">Cherche inspiration desesp\u00e9r\u00e9ment<\/a><\/p>\n\n\n\n<h4 class=\"wp-block-heading\">Mosse, Kate<\/h4>\n\n\n\n<p class=\"wp-block-paragraph\"><a href=\"https:\/\/serialectrice.com\/index.php\/2022\/02\/10\/la-cite-de-feu\/\">La cit\u00e9 de feu<\/a><\/p>\n\n\n\n<p class=\"wp-block-paragraph\"><a href=\"https:\/\/serialectrice.com\/index.php\/2022\/05\/23\/la-cite-de-larmes\/\">La cit\u00e9 de larmes<\/a><\/p>\n\n\n\n<h4 class=\"wp-block-heading\">Mourlevat, Jean-Claude<\/h4>\n\n\n\n<p class=\"wp-block-paragraph\"><a href=\"https:\/\/serialectrice.com\/index.php\/2022\/11\/10\/jefferson\/\">Jefferson<\/a><\/p>\n\n\n\n<h4 class=\"wp-block-heading\">Musso, Guillaume<\/h4>\n\n\n\n<p class=\"wp-block-paragraph\"><a href=\"https:\/\/serialectrice.com\/index.php\/2020\/08\/15\/la-jeune-fille-et-la-nuit\/\">La jeune fille et la nuit<\/a><\/p>\n\n\n\n<p class=\"wp-block-paragraph\"><a href=\"https:\/\/serialectrice.com\/index.php\/2025\/01\/25\/angelique-guillaume-musso\/\">Ang\u00e9lique<\/a><\/p>\n\n\n\n<h4 class=\"wp-block-heading\">Musso, Valentin<\/h4>\n\n\n\n<p class=\"wp-block-paragraph\"><a href=\"https:\/\/serialectrice.com\/index.php\/2021\/02\/18\/dernier-ete-pour-lisa-_-valentin-musso\/\">Dernier \u00e9t\u00e9 pour Lisa<\/a><\/p>\n\n\n\n<p class=\"wp-block-paragraph\"><a href=\"https:\/\/serialectrice.com\/index.php\/2024\/08\/22\/le-mystere-de-la-maison-aux-trois-ormes\/\">Le myst\u00e8re de la maison aux trois ormes<\/a><\/p>\n\n\n\n<h4 class=\"wp-block-heading\">Mutis, Alvaro<\/h4>\n\n\n\n<p class=\"wp-block-paragraph\"><a href=\"https:\/\/serialectrice.com\/index.php\/2021\/09\/02\/la-neige-de-lamiral-_-alvaro-mutis\/\">La neige de l\u2019amiral<\/a><\/p>\n\n\n\n<h2 class=\"wp-block-heading\" id=\"N\">N<\/h2>\n\n\n\n<h4 class=\"wp-block-heading\">Natsukawa, Sosuke<\/h4>\n\n\n\n<p class=\"wp-block-paragraph\"><a href=\"https:\/\/serialectrice.com\/index.php\/2023\/12\/01\/le-chat-qui-voulait-sauver-les-livres\/\">Le chat qui voulait sauver les livres<\/a><\/p>\n\n\n\n<h4 class=\"wp-block-heading\">Natt Och Dag, Niklas<\/h4>\n\n\n\n<p class=\"wp-block-paragraph\"><a href=\"https:\/\/serialectrice.com\/index.php\/2020\/07\/20\/1793_-niklas-natt-och-dag\/\">1793<\/a><\/p>\n\n\n\n<h4 class=\"wp-block-heading\">Nay, Roz<\/h4>\n\n\n\n<p class=\"wp-block-paragraph\"><a href=\"http:\/\/plong\u00e9e\">Plong\u00e9e<\/a><\/p>\n\n\n\n<h4 class=\"wp-block-heading\">Nichols, Lee<\/h4>\n\n\n\n<p class=\"wp-block-paragraph\"><a href=\"https:\/\/serialectrice.com\/index.php\/2021\/11\/15\/eleanor-debarque-lee-nichols\/\">Eleanor d\u00e9barque<\/a><\/p>\n\n\n\n<h4 class=\"wp-block-heading\">Nicolo, Anatole Edouard<\/h4>\n\n\n\n<p class=\"wp-block-paragraph\"><a href=\"https:\/\/serialectrice.com\/index.php\/2024\/10\/25\/a-l-ombre-des-choses\/\">A l&rsquo;ombre des choses<\/a><\/p>\n\n\n\n<h4 class=\"wp-block-heading\">Niemec, Christian<\/h4>\n\n\n\n<p class=\"wp-block-paragraph\"><a href=\"https:\/\/serialectrice.com\/index.php\/2022\/07\/12\/alabama-1963-_-manchette-et-niemec\/\">Alabama 1963 <\/a><\/p>\n\n\n\n<p class=\"wp-block-paragraph\"><a href=\"https:\/\/serialectrice.com\/index.php\/2022\/08\/17\/americas\/\">Am\u00e9rica[s]<\/a><\/p>\n\n\n\n<h4 class=\"wp-block-heading\">Norek, Olivier<\/h4>\n\n\n\n<p class=\"wp-block-paragraph\"><a href=\"https:\/\/serialectrice.com\/index.php\/2021\/05\/18\/surface-_-olivier-norek\/\">Surface<\/a><\/p>\n\n\n\n<p class=\"wp-block-paragraph\"><a href=\"https:\/\/serialectrice.com\/index.php\/2021\/06\/18\/entre-deux-mondes-_-olivier-norek\/\">Entre deux mondes<\/a><\/p>\n\n\n\n<p class=\"wp-block-paragraph\"><a href=\"https:\/\/serialectrice.com\/wp-content\/uploads\/2024\/11\/Dans-les-brumes-de-Capelans.jpg\">Dans les brumes de Capelans<\/a><\/p>\n\n\n\n<p class=\"wp-block-paragraph\"><a href=\"https:\/\/serialectrice.com\/index.php\/2024\/09\/25\/les-guerriers-de-lhiver-_-olivier-norek\/\">Les guerriers de l&rsquo;hiver<\/a><\/p>\n\n\n\n<h4 class=\"wp-block-heading\">Nothomb, Am\u00e9lie<\/h4>\n\n\n\n<p class=\"wp-block-paragraph\"><a href=\"https:\/\/serialectrice.com\/index.php\/2022\/04\/09\/premier-sang\/\">Premier sang<\/a><\/p>\n\n\n\n<p class=\"wp-block-paragraph\"><a href=\"https:\/\/serialectrice.com\/index.php\/2022\/08\/07\/barbe-bleue-_-amelie-nothomb\/\">Barbe Bleue<\/a><\/p>\n\n\n\n<p class=\"wp-block-paragraph\"><a href=\"https:\/\/serialectrice.com\/index.php\/2023\/01\/21\/metaphysique-des-tubes\/\">M\u00e9taphysique des tubes<\/a><\/p>\n\n\n\n<p class=\"wp-block-paragraph\"><a href=\"https:\/\/serialectrice.com\/index.php\/2023\/03\/23\/le-livre-des-soeurs\/\">Le livre des soeurs<\/a><\/p>\n\n\n\n<p class=\"wp-block-paragraph\"><a href=\"https:\/\/serialectrice.com\/index.php\/2024\/09\/01\/mercure-amelie-nothomb\/\">Mercure<\/a><\/p>\n\n\n\n<p class=\"wp-block-paragraph\"><a href=\"https:\/\/serialectrice.com\/index.php\/2024\/09\/12\/attentat-amelie-nothomb\/\">Attentat<\/a><\/p>\n\n\n\n<h4 class=\"wp-block-heading\">Nutten, Nicolas<\/h4>\n\n\n\n<p class=\"wp-block-paragraph\"><a href=\"https:\/\/serialectrice.com\/index.php\/2024\/04\/10\/comme-deux-gouttes-de-sang-_-nicola-nutten\/\">Comme deux gouttes de sang<\/a><\/p>\n\n\n\n<h2 class=\"wp-block-heading\" id=\"O\">O<\/h2>\n\n\n\n<h4 class=\"wp-block-heading\">O&rsquo;Connell, J.P<\/h4>\n\n\n\n<p class=\"wp-block-paragraph\"><a href=\"https:\/\/serialectrice.com\/index.php\/2024\/05\/31\/hotel-portofino-_-j-p-oconnell\/\">Hotel Portofino<\/a><\/p>\n\n\n\n<h4 class=\"wp-block-heading\">Ogawa, Ito<\/h4>\n\n\n\n<p class=\"wp-block-paragraph\"><a href=\"https:\/\/serialectrice.com\/index.php\/2021\/09\/19\/la-papeterie-tsubaki\/\">La papeterie Tsubaki<\/a><\/p>\n\n\n\n<h4 class=\"wp-block-heading\">Olivier, Pierre<\/h4>\n\n\n\n<p class=\"wp-block-paragraph\"><a href=\"https:\/\/serialectrice.com\/index.php\/2021\/06\/16\/un-monde-plus-loin-_-pierre-olivier\/\">Un monde plus loin<\/a><\/p>\n\n\n\n<p class=\"wp-block-paragraph\"><a href=\"https:\/\/serialectrice.com\/index.php\/2021\/10\/14\/insula\/\">Insula<\/a><\/p>\n\n\n\n<h4 class=\"wp-block-heading\">Orsenna, Erik<\/h4>\n\n\n\n<p class=\"wp-block-paragraph\"><a href=\"https:\/\/serialectrice.com\/index.php\/2021\/01\/13\/la-revolte-des-accents-_-erik-orsenna\/\">La r\u00e9volte des accents<\/a><\/p>\n\n\n\n<h4 class=\"wp-block-heading\">Ortis, Vincent<\/h4>\n\n\n\n<p class=\"wp-block-paragraph\">P<a href=\"https:\/\/serialectrice.com\/index.php\/2021\/07\/28\/pour-seul-refuge\/\">our seul refuge<\/a><\/p>\n\n\n\n<h4 class=\"wp-block-heading\">Owens, Delia<\/h4>\n\n\n\n<p class=\"wp-block-paragraph\"><a href=\"https:\/\/serialectrice.com\/index.php\/2022\/08\/10\/la-ou-chantent-les-ecrevisses\/\">L\u00e0 o\u00f9 chantent les \u00e9crevisses<\/a><\/p>\n\n\n\n<h2 class=\"wp-block-heading\" id=\"P\">P<\/h2>\n\n\n\n<h4 class=\"wp-block-heading\">Pariat, Janice<\/h4>\n\n\n\n<p class=\"wp-block-paragraph\"><a href=\"https:\/\/serialectrice.com\/index.php\/2024\/08\/24\/tout-ce-que-lal-lumiere-effleure\/\">Tout ce que la lumi\u00e8re effleure<\/a><\/p>\n\n\n\n<h4 class=\"wp-block-heading\">Parikh, Amita<\/h4>\n\n\n\n<p class=\"wp-block-paragraph\"><a href=\"https:\/\/serialectrice.com\/index.php\/2024\/01\/09\/la-fille-de-l-illusionniste\/\">La fille de l&rsquo;illusionniste<\/a><\/p>\n\n\n\n<h4 class=\"wp-block-heading\">Paris, B-A<\/h4>\n\n\n\n<p class=\"wp-block-paragraph\"><a href=\"https:\/\/serialectrice.com\/index.php\/2021\/06\/22\/le-dilemme-_-b-a-paris\/\">Le dilemme<\/a><\/p>\n\n\n\n<h4 class=\"wp-block-heading\">Passerin, Rapha\u00ebl<\/h4>\n\n\n\n<p class=\"wp-block-paragraph\"><a href=\"https:\/\/serialectrice.com\/index.php\/2021\/10\/02\/le-cas-van-noorden\/\">Le cas Van Noorden<\/a><\/p>\n\n\n\n<h4 class=\"wp-block-heading\">Pennac, Daniel<\/h4>\n\n\n\n<p class=\"wp-block-paragraph\"><a href=\"https:\/\/serialectrice.com\/index.php\/2022\/08\/23\/comme-un-roman\/\">Comme un roman<\/a><\/p>\n\n\n\n<p class=\"wp-block-paragraph\"><a href=\"https:\/\/serialectrice.com\/index.php\/2022\/10\/02\/chagrin-d-ecole\/\">Chagrin d&rsquo;\u00e9cole<\/a><\/p>\n\n\n\n<h4 class=\"wp-block-heading\">Penner, Sarah<\/h4>\n\n\n\n<p class=\"wp-block-paragraph\"><a href=\"https:\/\/serialectrice.com\/index.php\/2023\/08\/23\/la-petite-boutique-aux-poisons-_-sarah-penner\/\">La petite boutique aux poisons<\/a><\/p>\n\n\n\n<p class=\"wp-block-paragraph\"><a href=\"https:\/\/serialectrice.com\/index.php\/2023\/10\/20\/le-cercle-occulte-des-gentlemen\/\">Le cercle occulte des gentlemen <\/a><\/p>\n\n\n\n<h4 class=\"wp-block-heading\">Pennyworth, S-L<\/h4>\n\n\n\n<p class=\"wp-block-paragraph\"><a href=\"https:\/\/serialectrice.com\/index.php\/2020\/09\/30\/detective-lachance-t-1-les-cartes-musicales\/\">D\u00e9tective Lachance T.1, les cartes musicales<\/a><\/p>\n\n\n\n<h4 class=\"wp-block-heading\">Perrin, Val\u00e9rie<\/h4>\n\n\n\n<p class=\"wp-block-paragraph\"><a href=\"https:\/\/serialectrice.com\/index.php\/2020\/08\/30\/les-oublies-du-dimanche-_-valerie-perrin\/\">Les oubli\u00e9s du dimanche<\/a><\/p>\n\n\n\n<p class=\"wp-block-paragraph\"><a href=\"https:\/\/serialectrice.com\/index.php\/2020\/12\/11\/changer-leau-des-fleurs-valerie-perrin\/\">Changer l&rsquo;eau des fleurs<\/a><\/p>\n\n\n\n<p class=\"wp-block-paragraph\"><a href=\"https:\/\/serialectrice.com\/index.php\/2024\/09\/11\/trois-valerie-perrin\/\">Trois<\/a><\/p>\n\n\n\n<h4 class=\"wp-block-heading\">Perry, Matthew<\/h4>\n\n\n\n<p class=\"wp-block-paragraph\"><a href=\"https:\/\/serialectrice.com\/index.php\/2024\/08\/08\/friends-mes-amours-et-cette-chose-terrible\/\">Friends, mes amours et cette chose terrible<\/a><\/p>\n\n\n\n<h4 class=\"wp-block-heading\">Philippon, Beno\u00eet<\/h4>\n\n\n\n<p class=\"wp-block-paragraph\"><a href=\"https:\/\/serialectrice.com\/index.php\/2021\/04\/21\/cabosse-_-benoit-philippon\/\">Caboss\u00e9<\/a><\/p>\n\n\n\n<p class=\"wp-block-paragraph\"><a href=\"https:\/\/serialectrice.com\/index.php\/2021\/04\/27\/mamie-luger-_-benoit-philippon\/\">Mamie Luger<\/a><\/p>\n\n\n\n<p class=\"wp-block-paragraph\"><a href=\"https:\/\/serialectrice.com\/index.php\/2021\/05\/01\/joueuse-_-benoit-philippon\/\">Joueuse<\/a><\/p>\n\n\n\n<h4 class=\"wp-block-heading\">Picoult, Jodi<\/h4>\n\n\n\n<p class=\"wp-block-paragraph\"><a href=\"https:\/\/serialectrice.com\/index.php\/2023\/05\/10\/mille-petits-riens\/\">Mille petits riens<\/a><\/p>\n\n\n\n<h4 class=\"wp-block-heading\">Pitocchi, Carine<\/h4>\n\n\n\n<p class=\"wp-block-paragraph\"><a href=\"https:\/\/serialectrice.com\/index.php\/2022\/04\/02\/les-reves-de-nos-meres-_-carine-pitocchi\/\">Les r\u00eaves de nos m\u00e8res<\/a><\/p>\n\n\n\n<h4 class=\"wp-block-heading\">Plamondon, Eric<\/h4>\n\n\n\n<p class=\"wp-block-paragraph\"><a href=\"https:\/\/serialectrice.com\/index.php\/2021\/05\/10\/oyana-_-eric-plamondon\/\">Oyana<\/a><\/p>\n\n\n\n<h4 class=\"wp-block-heading\">Plantevin, Claire<\/h4>\n\n\n\n<p class=\"wp-block-paragraph\"><a href=\"https:\/\/serialectrice.com\/index.php\/2022\/11\/12\/plus-que-deux-morts-et-c-est-noel\/\">Plus que deux morts et c&rsquo;est No\u00ebl<\/a><\/p>\n\n\n\n<h4 class=\"wp-block-heading\">Ponte, Car\u00e8ne<\/h4>\n\n\n\n<p class=\"wp-block-paragraph\"><a href=\"https:\/\/serialectrice.com\/index.php\/2020\/09\/28\/et-ton-coeur-qui-bat-_-carene-ponte\/\">Et ton coeur qui bat<\/a><\/p>\n\n\n\n<p class=\"wp-block-paragraph\"><a href=\"https:\/\/serialectrice.com\/index.php\/2022\/01\/05\/vous-reprendrez-bien-un-de-magie-pour-noel\/\">Vous reprendrez bien un peu de magie pour No\u00ebl ? <\/a><\/p>\n\n\n\n<p class=\"wp-block-paragraph\"><a href=\"https:\/\/serialectrice.com\/index.php\/2024\/06\/16\/sur-scene\/\">Sur sc\u00e8ne<\/a><\/p>\n\n\n\n<h4 class=\"wp-block-heading\">Pooley, Clare<\/h4>\n\n\n\n<p class=\"wp-block-paragraph\"><a href=\"https:\/\/serialectrice.com\/index.php\/2021\/02\/06\/le-fabuleux-voyage-du-carnet-des-silences\/\">Le fabuleux voyage du carnet des silences <\/a><\/p>\n\n\n\n<h4 class=\"wp-block-heading\">Portail, Agathe<\/h4>\n\n\n\n<p class=\"wp-block-paragraph\"><a href=\"https:\/\/serialectrice.com\/index.php\/2021\/03\/09\/piqures-de-rappel-_-agathe-portail\/\">Piq\u00fbres de rappel<\/a><\/p>\n\n\n\n<p class=\"wp-block-paragraph\">De la m\u00eame veine (\u00e0 venir)<\/p>\n\n\n\n<h4 class=\"wp-block-heading\">Preston and Child<\/h4>\n\n\n\n<p class=\"wp-block-paragraph\"><a href=\"https:\/\/serialectrice.com\/index.php\/2020\/07\/11\/riviere-maudite\/\">Rivi\u00e8re maudite<\/a><\/p>\n\n\n\n<p class=\"wp-block-paragraph\"><a href=\"https:\/\/serialectrice.com\/index.php\/2020\/11\/03\/tombes-oubliees-_-preston-child\/\">Tombes oubli\u00e9es<\/a> <\/p>\n\n\n\n<p class=\"wp-block-paragraph\"><a href=\"https:\/\/serialectrice.com\/index.php\/2022\/11\/21\/lantre-du-diable-_-preston-child\/\">L&rsquo;antre du diable<\/a><\/p>\n\n\n\n<p class=\"wp-block-paragraph\"><a href=\"https:\/\/serialectrice.com\/index.php\/2022\/11\/06\/ice-limit\/\">Ice Limit <\/a><\/p>\n\n\n\n<h4 class=\"wp-block-heading\">Puard, Bertrand<\/h4>\n\n\n\n<p class=\"wp-block-paragraph\"><a href=\"https:\/\/serialectrice.com\/index.php\/2023\/10\/01\/lupin-echec-a-la-reine\/\">Lupin : \u00e9chec \u00e0 la reine<\/a><\/p>\n\n\n\n<h4 class=\"wp-block-heading\">Pullman, Philip<\/h4>\n\n\n\n<p class=\"wp-block-paragraph\"><a href=\"https:\/\/serialectrice.com\/index.php\/2020\/08\/22\/les-royaumes-du-nord\/\">A la crois\u00e9e des mondes, T1 : Les royaumes du Nord<\/a><\/p>\n\n\n\n<h2 class=\"wp-block-heading\">Q<\/h2>\n\n\n\n<h4 class=\"wp-block-heading\">Queneau, Raymond<\/h4>\n\n\n\n<p class=\"wp-block-paragraph\"><a href=\"https:\/\/serialectrice.com\/index.php\/2022\/01\/17\/pierrot-mon-ami\/\">Pierrot mon ami<\/a><\/p>\n\n\n\n<p class=\"wp-block-paragraph\"><a href=\"https:\/\/serialectrice.com\/index.php\/2023\/03\/01\/zazie-dans-le-metro-_-raymond-queneau\/\">Zazie dans le m\u00e9tro<\/a><\/p>\n\n\n\n<h2 class=\"wp-block-heading\" id=\"R\">R<\/h2>\n\n\n\n<h4 class=\"wp-block-heading\">Raufast, Pierre<\/h4>\n\n\n\n<p class=\"wp-block-paragraph\"><a href=\"https:\/\/serialectrice.com\/index.php\/2020\/10\/07\/la-fractale-des-raviolis-de-pierre-raufast\/\">La fractale des raviolis<\/a><\/p>\n\n\n\n<p class=\"wp-block-paragraph\"><a href=\"https:\/\/serialectrice.com\/index.php\/2022\/09\/24\/les-embrouillaminis\/\">Les embrouillaminis<\/a><\/p>\n\n\n\n<h4 class=\"wp-block-heading\">Rault-Delmas, Pascale<\/h4>\n\n\n\n<p class=\"wp-block-paragraph\"><a href=\"https:\/\/serialectrice.com\/index.php\/2023\/11\/23\/un-enfant-a-tout-prix\/\">Un enfant \u00e0 tout prix<\/a><\/p>\n\n\n\n<h4 class=\"wp-block-heading\">Rampin, Julien<\/h4>\n\n\n\n<p class=\"wp-block-paragraph\"><a href=\"https:\/\/serialectrice.com\/index.php\/2022\/09\/02\/le-magasin-des-jouets-casses\/\">Le magasin des jouets cass\u00e9s<\/a><\/p>\n\n\n\n<p class=\"wp-block-paragraph\"><a href=\"https:\/\/serialectrice.com\/index.php\/2022\/11\/23\/grandir-un-peu\/\">Grandir un peu<\/a><\/p>\n\n\n\n<p class=\"wp-block-paragraph\"><a href=\"https:\/\/serialectrice.com\/index.php\/2023\/08\/02\/la-chanteuse-de-bal\/\">La chanteuse de bal<\/a><\/p>\n\n\n\n<p class=\"wp-block-paragraph\"><a href=\"https:\/\/serialectrice.com\/index.php\/2025\/02\/14\/cest-pas-marque-dans-les-livres-_-julien-rampin\/\">C&rsquo;est pas marqu\u00e9 dans les livres<\/a><\/p>\n\n\n\n<h4 class=\"wp-block-heading\">Rash, Ron<\/h4>\n\n\n\n<p class=\"wp-block-paragraph\"><a href=\"https:\/\/serialectrice.com\/index.php\/2021\/02\/12\/un-pied-au-paradis\/\">Un pied au paradis<\/a><\/p>\n\n\n\n<h4 class=\"wp-block-heading\">Rebeihi, Ali<\/h4>\n\n\n\n<p class=\"wp-block-paragraph\"><a href=\"https:\/\/serialectrice.com\/index.php\/2024\/07\/06\/tante-alice-enquete-le-bonheur-est-dans-le-crime\/\">Le bonheur est dans le crime<\/a><\/p>\n\n\n\n<h4 class=\"wp-block-heading\">Redfearn, Suzanne<\/h4>\n\n\n\n<p class=\"wp-block-paragraph\"><a href=\"https:\/\/serialectrice.com\/index.php\/2023\/11\/29\/hadley-grace-_-suzanne-redfearn\/\">Hadley &amp; Grace<\/a><\/p>\n\n\n\n<h4 class=\"wp-block-heading\">Rees, Tracy<\/h4>\n\n\n\n<p class=\"wp-block-paragraph\"><a href=\"https:\/\/serialectrice.com\/index.php\/2023\/06\/03\/le-manoir-aux-roses\/\">Le manoir aux roses<\/a><\/p>\n\n\n\n<h4 class=\"wp-block-heading\">Renand Antoine<\/h4>\n\n\n\n<p class=\"wp-block-paragraph\"><a href=\"https:\/\/serialectrice.com\/index.php\/2020\/07\/28\/lempathie-_-antoine-renand\/\">L&#8217;empathie<\/a><\/p>\n\n\n\n<h4 class=\"wp-block-heading\">Renaud, Claire<\/h4>\n\n\n\n<p class=\"wp-block-paragraph\"><a href=\"https:\/\/serialectrice.com\/index.php\/2022\/01\/15\/la-valse-des-petits-pas\/\">La valse des petits pas<\/a><\/p>\n\n\n\n<h4 class=\"wp-block-heading\">Reichs, Kathy<\/h4>\n\n\n\n<p class=\"wp-block-paragraph\"><a href=\"https:\/\/serialectrice.com\/index.php\/2020\/12\/03\/delires-mortels\/\">D\u00e9lires mortels<\/a><\/p>\n\n\n\n<p class=\"wp-block-paragraph\"><a href=\"https:\/\/serialectrice.com\/index.php\/2021\/03\/19\/meurtres-a-la-carte-_-kathy-reichs\/\">Meurtres \u00e0 la carte<\/a><\/p>\n\n\n\n<p class=\"wp-block-paragraph\"><a href=\"https:\/\/serialectrice.com\/index.php\/2021\/04\/25\/viral-_-kathy-reichs\/\">Viral<\/a><\/p>\n\n\n\n<h4 class=\"wp-block-heading\">Renardn Ga\u00eblle<\/h4>\n\n\n\n<p class=\"wp-block-paragraph\"><a href=\"https:\/\/serialectrice.com\/index.php\/2024\/08\/28\/au-secours-jai-40-ans-depuis-4-ans\/\">Au secours, j&rsquo;ai 40 ans (depuis 4 ans)<\/a><\/p>\n\n\n\n<h4 class=\"wp-block-heading\">Restous, Melissa<\/h4>\n\n\n\n<p class=\"wp-block-paragraph\"><a href=\"https:\/\/serialectrice.com\/index.php\/2023\/10\/30\/les-eclats-de-la-fratrie-aupic-_-melissa-restous\/\">Les \u00e9clats de la fratrie Aupic<\/a><\/p>\n\n\n\n<h4 class=\"wp-block-heading\">Rigot, Olivier<\/h4>\n\n\n\n<p class=\"wp-block-paragraph\"><a href=\"https:\/\/serialectrice.com\/index.php\/2021\/11\/02\/la-fille-aux-cerfs-volants-_-olivier-rigot\/\">La fille aux cerfs-volants<\/a><\/p>\n\n\n\n<h4 class=\"wp-block-heading\">Riley, Lucinda<\/h4>\n\n\n\n<p class=\"wp-block-paragraph\"><a href=\"https:\/\/serialectrice.com\/index.php\/2020\/08\/11\/la-jeune-fille-sur-la-falaise\/\">La jeune fille sur la falaise<\/a><\/p>\n\n\n\n<p class=\"wp-block-paragraph\">L&rsquo;ange de Marchmont Hall (\u00e0 venir)<\/p>\n\n\n\n<p class=\"wp-block-paragraph\"><a href=\"https:\/\/serialectrice.com\/index.php\/2021\/05\/30\/les-sept-soeurs-t-1-maia\/\">Les sept soeurs, T.1<\/a><\/p>\n\n\n\n<p class=\"wp-block-paragraph\"><a href=\"https:\/\/serialectrice.com\/index.php\/2023\/03\/17\/la-lettre-d-amour-interdite\/\">La lettre d&rsquo;amour interdite<\/a><\/p>\n\n\n\n<p class=\"wp-block-paragraph\"><a href=\"https:\/\/serialectrice.com\/index.php\/2023\/11\/15\/la-chambre-aux-papillons\/\">La chambre aux papillons<\/a><\/p>\n\n\n\n<h4 class=\"wp-block-heading\">Rimbaud, Arthur<\/h4>\n\n\n\n<p class=\"wp-block-paragraph\"><a href=\"https:\/\/serialectrice.com\/index.php\/2021\/08\/07\/une-saison-en-enfer-_-arthur-rimbaud\/\">Une saison en enfer<\/a><\/p>\n\n\n\n<h4 class=\"wp-block-heading\">Rio, M.L<\/h4>\n\n\n\n<p class=\"wp-block-paragraph\"><a href=\"https:\/\/serialectrice.com\/index.php\/2023\/10\/22\/if-we-were-villains-_-m-l-rio\/\">If we were villains<\/a><\/p>\n\n\n\n<h4 class=\"wp-block-heading\">Rivi\u00e8re Constance<\/h4>\n\n\n\n<p class=\"wp-block-paragraph\"><a href=\"https:\/\/serialectrice.com\/index.php\/2021\/10\/04\/la-maison-des-solitudes\/\">La maison des solitudes<\/a><\/p>\n\n\n\n<h4 class=\"wp-block-heading\">Rog\u00e9, Arthur<\/h4>\n\n\n\n<p class=\"wp-block-paragraph\"><a href=\"https:\/\/serialectrice.com\/index.php\/2024\/01\/31\/le-dernier-jour\/\">Le dernier jour<\/a><\/p>\n\n\n\n<h4 class=\"wp-block-heading\">Roger, Marie-Sabine<\/h4>\n\n\n\n<p class=\"wp-block-paragraph\"><a href=\"https:\/\/serialectrice.com\/index.php\/2023\/09\/24\/loin-confins\/\">Loin-Confins<\/a><\/p>\n\n\n\n<h4 class=\"wp-block-heading\">Romain, Patrice<\/h4>\n\n\n\n<p class=\"wp-block-paragraph\"><a href=\"https:\/\/serialectrice.com\/index.php\/2024\/07\/15\/mots-d-excuse\/\">Mots d&rsquo;excuse<\/a><\/p>\n\n\n\n<h4 class=\"wp-block-heading\">Rose, P\u00e9n\u00e9lope<\/h4>\n\n\n\n<p class=\"wp-block-paragraph\"><a href=\"https:\/\/serialectrice.com\/index.php\/2024\/10\/18\/valse-fauve\/\">Valse fauve<\/a><\/p>\n\n\n\n<h4 class=\"wp-block-heading\">Rosnay, de Tatiana<\/h4>\n\n\n\n<p class=\"wp-block-paragraph\"><a href=\"https:\/\/serialectrice.com\/index.php\/2024\/04\/20\/poussiere-blonde\/\">Poussi\u00e8re blonde<\/a><\/p>\n\n\n\n<h4 class=\"wp-block-heading\">Rostagnat, P\u00e9tronille<\/h4>\n\n\n\n<p class=\"wp-block-paragraph\"><a href=\"https:\/\/serialectrice.com\/index.php\/2025\/01\/13\/un-jour-tu-paieras\/\">Un jour, tu paieras<\/a><\/p>\n\n\n\n<h4 class=\"wp-block-heading\">Rostand, Edmond<\/h4>\n\n\n\n<p class=\"wp-block-paragraph\"><a href=\"https:\/\/serialectrice.com\/index.php\/2021\/03\/11\/cyrano-de-bergerac-_-edmond-rostand\/\">Cyrano de Bergerac<\/a><\/p>\n\n\n\n<h4 class=\"wp-block-heading\">Rouchon-Borie, Dimitri<\/h4>\n\n\n\n<p class=\"wp-block-paragraph\"><a href=\"https:\/\/serialectrice.com\/index.php\/2022\/10\/08\/le-demon-de-la-colline-aux-loups\/\">Le d\u00e9mon de la colline aux loups<\/a><\/p>\n\n\n\n<h4 class=\"wp-block-heading\">Rousset, B\u00e9n\u00e9dicte<\/h4>\n\n\n\n<p class=\"wp-block-paragraph\"><a href=\"https:\/\/serialectrice.com\/index.php\/2023\/11\/27\/le-portrait-dhumphrey-back-_-benedicte-rousset\/\">Le portrait d&rsquo;Humphrey Back<\/a><\/p>\n\n\n\n<h4 class=\"wp-block-heading\">Rowling, J.K<\/h4>\n\n\n\n<p class=\"wp-block-paragraph\"><a href=\"https:\/\/serialectrice.com\/index.php\/2021\/01\/07\/harry-potter-et-la-chambre-des-secrets\/\">Harry Potter et la chambre des secrets<\/a><\/p>\n\n\n\n<p class=\"wp-block-paragraph\"><a href=\"https:\/\/serialectrice.com\/index.php\/2021\/04\/15\/harry-potter-et-le-prisonnier-dazkaban\/\">Harry Potter et le prisonnier d&rsquo;Azkaban<\/a><\/p>\n\n\n\n<h4 class=\"wp-block-heading\">Ruiz, Olivia<\/h4>\n\n\n\n<p class=\"wp-block-paragraph\"><a href=\"https:\/\/serialectrice.com\/index.php\/2022\/07\/02\/la-commode-aux-tiroirs-de-couleurs\/\">La commode aux tiroirs de couleur<\/a><\/p>\n\n\n\n<p class=\"wp-block-paragraph\"><a href=\"https:\/\/serialectrice.com\/index.php\/2023\/11\/01\/ecoute-la-pluie-tomber-_-olivia-ruiz\/\">Ecoute la pluie tomber<\/a><\/p>\n\n\n\n<h4 class=\"wp-block-heading\">Ryan, Jennifer<\/h4>\n\n\n\n<p class=\"wp-block-paragraph\"><a href=\"https:\/\/serialectrice.com\/index.php\/2020\/09\/02\/la-chorale-des-dames-de-chilbury\/\">La chorale des dames de Chilbury<\/a><\/p>\n\n\n\n<h2 class=\"wp-block-heading\" id=\"S\">S<\/h2>\n\n\n\n<h4 class=\"wp-block-heading\">Sabard, Clarisse<\/h4>\n\n\n\n<p class=\"wp-block-paragraph\"><a href=\"https:\/\/serialectrice.com\/index.php\/2021\/10\/10\/a-la-lumiere-de-nos-jours\/\">A la lumi\u00e8re de nos jours<\/a><\/p>\n\n\n\n<p class=\"wp-block-paragraph\">La vie a plus d&rsquo;imagination que nous (\u00e0 venir)<\/p>\n\n\n\n<h4 class=\"wp-block-heading\">Saga, Gaspard<\/h4>\n\n\n\n<p class=\"wp-block-paragraph\"><a href=\"https:\/\/serialectrice.com\/index.php\/2022\/09\/06\/chemins-bleus-_-gaspard-saga\/\">Chemins bleus<\/a><\/p>\n\n\n\n<h4 class=\"wp-block-heading\">Saller, Tom<\/h4>\n\n\n\n<p class=\"wp-block-paragraph\"><a href=\"https:\/\/serialectrice.com\/index.php\/2024\/09\/20\/la-danse-de-martha\/\">La danse de Martha<\/a><\/p>\n\n\n\n<h4 class=\"wp-block-heading\">Sandrel, Julien<\/h4>\n\n\n\n<p class=\"wp-block-paragraph\"><a href=\"https:\/\/serialectrice.com\/index.php\/2022\/11\/14\/la-chambre-des-merveilles\/\">La chambre des merveilles<\/a><\/p>\n\n\n\n<h4 class=\"wp-block-heading\">Sapkowski, Andrzej<\/h4>\n\n\n\n<p class=\"wp-block-paragraph\"><a href=\"https:\/\/serialectrice.com\/index.php\/2021\/08\/19\/le-sorceleur-le-dernier-voeu-livre-1\/\">Le sorceleur, T.1<\/a><\/p>\n\n\n\n<h4 class=\"wp-block-heading\">Sauvage-Avit, Jeanne-Marie<\/h4>\n\n\n\n<p class=\"wp-block-paragraph\"><a href=\"https:\/\/serialectrice.com\/index.php\/2023\/09\/06\/celeste-la-fille-de-perline-_-jeanne-marie-sauvage-avit\/\">C\u00e9leste, la fille de Perline<\/a><\/p>\n\n\n\n<h4 class=\"wp-block-heading\">Saussey, Jacques<\/h4>\n\n\n\n<p class=\"wp-block-paragraph\"><a href=\"https:\/\/serialectrice.com\/index.php\/2023\/12\/19\/l-aigle-noir\/\">L&rsquo;aigle noir<\/a><\/p>\n\n\n\n<h4 class=\"wp-block-heading\">Sawyer, Robert J.<\/h4>\n\n\n\n<p class=\"wp-block-paragraph\"><a href=\"https:\/\/serialectrice.com\/index.php\/2022\/06\/21\/flashforward\/\">Flashforward<\/a><\/p>\n\n\n\n<h4 class=\"wp-block-heading\">Schmitt, Eric-Emmanuel<\/h4>\n\n\n\n<p class=\"wp-block-paragraph\"><a href=\"https:\/\/serialectrice.com\/index.php\/2022\/06\/04\/monsieur-ibrahim-et-les-fleurs-du-coran\/\">Monsieur Ibrahim et les fleurs du Coran<\/a><\/p>\n\n\n\n<h4 class=\"wp-block-heading\">Schneider, H.J<\/h4>\n\n\n\n<p class=\"wp-block-paragraph\"><a href=\"https:\/\/serialectrice.com\/wp-content\/uploads\/2024\/12\/Les-cailloux-d-argent.jpg\">Les cailloux d&rsquo;argent<\/a><\/p>\n\n\n\n<h4 class=\"wp-block-heading\">Schriber, Christophe<\/h4>\n\n\n\n<p class=\"wp-block-paragraph\"><a href=\"https:\/\/serialectrice.com\/index.php\/2020\/07\/01\/charlie-va-bien-ne-tinquiete-pas-_-christophe-schriber\/\">Charlie va bien, ne t&rsquo;inqui\u00e8te pas<\/a><\/p>\n\n\n\n<h4 class=\"wp-block-heading\">Schriver, Lionel<\/h4>\n\n\n\n<p class=\"wp-block-paragraph\"><a href=\"https:\/\/serialectrice.com\/index.php\/2024\/08\/14\/il-faut-quon-parle-de-kevin-_-lionel-shriver\/\">Il faut qu&rsquo;on parle de Kevin<\/a><\/p>\n\n\n\n<h4 class=\"wp-block-heading\">Sepulveda, Luis<\/h4>\n\n\n\n<p class=\"wp-block-paragraph\"><a href=\"https:\/\/serialectrice.com\/index.php\/2022\/11\/26\/le-vieux-qui-lisait-des-romans-d-amour\/\">Le vieux qui lisait des romans d&rsquo;amour<\/a><\/p>\n\n\n\n<h4 class=\"wp-block-heading\">Shakespeare, William<\/h4>\n\n\n\n<p class=\"wp-block-paragraph\"><a href=\"https:\/\/serialectrice.com\/index.php\/2021\/10\/12\/othello\/\">Othello<\/a><\/p>\n\n\n\n<h4 class=\"wp-block-heading\">Sharma, Bulbul<\/h4>\n\n\n\n<p class=\"wp-block-paragraph\"><a href=\"https:\/\/serialectrice.com\/index.php\/2022\/07\/06\/la-colere-des-aubergines\/\">La col\u00e8re des aubergines<\/a><\/p>\n\n\n\n<h4 class=\"wp-block-heading\">Simonet, Julien<\/h4>\n\n\n\n<p class=\"wp-block-paragraph\"><a href=\"https:\/\/serialectrice.com\/index.php\/2020\/08\/17\/un-livre-un-arbre-et-des-emmerdes\/\">Un livre, un arbre et des emmerdes<\/a><\/p>\n\n\n\n<h4 class=\"wp-block-heading\">Sire, C\u00e9dric<\/h4>\n\n\n\n<p class=\"wp-block-paragraph\"><a href=\"https:\/\/serialectrice.com\/index.php\/2021\/11\/06\/la-saignee-_-cedric-sire\/\">La saign\u00e9e<\/a><\/p>\n\n\n\n<h4 class=\"wp-block-heading\">Skenandore, Amanda<\/h4>\n\n\n\n<p class=\"wp-block-paragraph\"><a href=\"https:\/\/serialectrice.com\/index.php\/2023\/06\/07\/pour-l-honneur-de-tous-les-miens\/\">Pour l&rsquo;honneur de tous les miens<\/a><\/p>\n\n\n\n<p class=\"wp-block-paragraph\"><a href=\"https:\/\/serialectrice.com\/index.php\/2023\/11\/21\/la-seconde-vie-de-mirielle-west\/\">La seconde vie de Mirielle West<\/a><\/p>\n\n\n\n<p class=\"wp-block-paragraph\"><a href=\"https:\/\/serialectrice.com\/index.php\/2024\/12\/11\/dans-lombre-de-linfirmiere-_-amanda-skenandore\/\">Dans l&rsquo;ombre de l&rsquo;infirmi\u00e8re<\/a><\/p>\n\n\n\n<h4 class=\"wp-block-heading\">Slater, K-L<\/h4>\n\n\n\n<p class=\"wp-block-paragraph\"><a href=\"https:\/\/serialectrice.com\/index.php\/2023\/02\/05\/ferme-bien-ta-porte\/\">Ferme bien ta porte<\/a><\/p>\n\n\n\n<h4 class=\"wp-block-heading\">Slaughter, Karin<\/h4>\n\n\n\n<p class=\"wp-block-paragraph\"><a href=\"https:\/\/serialectrice.com\/index.php\/2021\/08\/15\/une-fille-modele-_-karin-slaughter\/\">Une fille mod\u00e8le<\/a><\/p>\n\n\n\n<h4 class=\"wp-block-heading\">Slimani, Leila<\/h4>\n\n\n\n<p class=\"wp-block-paragraph\"><a href=\"https:\/\/serialectrice.com\/index.php\/2021\/04\/17\/le-parfum-des-fleurs-la-nuit\/\">Le parfum des fleurs la nuit<\/a><\/p>\n\n\n\n<p class=\"wp-block-paragraph\"><a href=\"https:\/\/serialectrice.com\/index.php\/2021\/05\/22\/chanson-douce-_-leila-slimani\/\">Chanson douce<\/a><\/p>\n\n\n\n<h4 class=\"wp-block-heading\">Smadja, Yoan<\/h4>\n\n\n\n<p class=\"wp-block-paragraph\"><a href=\"https:\/\/serialectrice.com\/index.php\/2024\/02\/07\/j-ai-cru-qu-ils-enlevaient-toute-trace-de-toi\/\">J&rsquo;ai cru qu&rsquo;ils enlevaient toute trace de toi<\/a><\/p>\n\n\n\n<h4 class=\"wp-block-heading\">Snyder, Don J.<\/h4>\n\n\n\n<p class=\"wp-block-paragraph\"><a href=\"https:\/\/serialectrice.com\/index.php\/2024\/06\/02\/l-atelier-des-vies-brisees\/\">L&rsquo;atelier des vies bris\u00e9es<\/a><\/p>\n\n\n\n<h4 class=\"wp-block-heading\">Soraruff, Ahava<\/h4>\n\n\n\n<p class=\"wp-block-paragraph\"><a href=\"https:\/\/serialectrice.com\/index.php\/2023\/06\/15\/baby-jane-a-broadway\/\">Baby Jane \u00e0 Broadway<\/a><\/p>\n\n\n\n<h4 class=\"wp-block-heading\">Steiner, Susie<\/h4>\n\n\n\n<p class=\"wp-block-paragraph\"><a href=\"https:\/\/serialectrice.com\/index.php\/2021\/07\/14\/personne-inconnue-_-susie-steiner\/\">Personne inconnue<\/a><\/p>\n\n\n\n<h4 class=\"wp-block-heading\">Stendhal<\/h4>\n\n\n\n<p class=\"wp-block-paragraph\">Le rouge et le noir (\u00e0 venir)<\/p>\n\n\n\n<h4 class=\"wp-block-heading\">Stern, Anne<\/h4>\n\n\n\n<p class=\"wp-block-paragraph\"><a href=\"https:\/\/serialectrice.com\/index.php\/2022\/10\/28\/la-noyee-de-berlin\/\">La noy\u00e9e de Berlin<\/a><\/p>\n\n\n\n<p class=\"wp-block-paragraph\"><a href=\"https:\/\/serialectrice.com\/index.php\/2023\/09\/04\/le-disparu-du-quartier-des-granges\/\">Le disparu du quartier des granges<\/a><\/p>\n\n\n\n<h4 class=\"wp-block-heading\">Stevenson, Robert Louis<\/h4>\n\n\n\n<p class=\"wp-block-paragraph\"><a href=\"https:\/\/serialectrice.com\/index.php\/2022\/01\/11\/dr-jekyll-mr-hyde\/\">Le cas \u00e9trange du Dr Jekyll et Mr Hyde<\/a><\/p>\n\n\n\n<h4 class=\"wp-block-heading\">Strasser, Todd<\/h4>\n\n\n\n<p class=\"wp-block-paragraph\"><a href=\"http:\/\/la vague\">La vague<\/a><\/p>\n\n\n\n<h4 class=\"wp-block-heading\">Stringfellow, Tara M.<\/h4>\n\n\n\n<p class=\"wp-block-paragraph\"><a href=\"https:\/\/serialectrice.com\/index.php\/2023\/01\/13\/memphis\/\">Memphis<\/a><\/p>\n\n\n\n<h4 class=\"wp-block-heading\">Sullivan, J. Courtney<\/h4>\n\n\n\n<p class=\"wp-block-paragraph\"><a href=\"https:\/\/serialectrice.com\/index.php\/2023\/05\/31\/les-affinites-selectives\/\">Les affinit\u00e9s s\u00e9lectives<\/a><\/p>\n\n\n\n<h4 class=\"wp-block-heading\">Swann, Leonie<\/h4>\n\n\n\n<p class=\"wp-block-paragraph\"><a href=\"https:\/\/serialectrice.com\/index.php\/2020\/07\/11\/gray-_-leonie-swann\/\">Gray<\/a><\/p>\n\n\n\n<h2 class=\"wp-block-heading\" id=\"T\">T<\/h2>\n\n\n\n<h4 class=\"wp-block-heading\">Tackian, Niko<\/h4>\n\n\n\n<p class=\"wp-block-paragraph\"><a href=\"https:\/\/serialectrice.com\/index.php\/2021\/02\/08\/celle-qui-pleurait-sous-leau\/\">Celle qui pleurait sous l&rsquo;eau<\/a><\/p>\n\n\n\n<h4 class=\"wp-block-heading\">Tagaq, Tanya<\/h4>\n\n\n\n<p class=\"wp-block-paragraph\">Croc fendu (\u00e0 venir)<\/p>\n\n\n\n<h4 class=\"wp-block-heading\">Tan, Amy<\/h4>\n\n\n\n<p class=\"wp-block-paragraph\"><a href=\"https:\/\/serialectrice.com\/index.php\/2024\/06\/14\/le-joy-luck-club\/\">Le Joy Luck Club<\/a><\/p>\n\n\n\n<h4 class=\"wp-block-heading\">Tangvald, Virginia<\/h4>\n\n\n\n<p class=\"wp-block-paragraph\"><a href=\"https:\/\/serialectrice.com\/wp-content\/uploads\/2024\/07\/les-enfants-du-large-5468454.webp\">Les enfants du large<\/a><\/p>\n\n\n\n<h4 class=\"wp-block-heading\">Taylor, Kathryn<\/h4>\n\n\n\n<p class=\"wp-block-paragraph\"><a href=\"https:\/\/serialectrice.com\/index.php\/2020\/07\/20\/lete-des-fleurs-sauvages-_-kathryn-taylor\/\">L&rsquo;\u00e9t\u00e9 des fleurs sauvages<\/a><\/p>\n\n\n\n<h4 class=\"wp-block-heading\">Thilliez<\/h4>\n\n\n\n<p class=\"wp-block-paragraph\"><a href=\"https:\/\/serialectrice.com\/index.php\/2022\/02\/01\/puzzle-_-franck-thilliez\/\">Puzzle<\/a><\/p>\n\n\n\n<p class=\"wp-block-paragraph\"><a href=\"https:\/\/serialectrice.com\/index.php\/2022\/03\/07\/train-d-enfer-pour-ange-rouge\/\">Train d&rsquo;enfer pour ange rouge<\/a><\/p>\n\n\n\n<p class=\"wp-block-paragraph\"><a href=\"https:\/\/serialectrice.com\/index.php\/2022\/04\/29\/deuils-de-miel\/\">Deuils de miel<\/a><\/p>\n\n\n\n<p class=\"wp-block-paragraph\"><a href=\"https:\/\/serialectrice.com\/index.php\/2021\/12\/15\/la-chambre-des-morts\/\">La chambre des morts<\/a><\/p>\n\n\n\n<p class=\"wp-block-paragraph\"><a href=\"https:\/\/serialectrice.com\/index.php\/2020\/07\/24\/pandemia-_-franck-thilliez\/\">Pandemia<\/a><\/p>\n\n\n\n<p class=\"wp-block-paragraph\"><a href=\"https:\/\/serialectrice.com\/index.php\/2022\/08\/01\/1991-thilliez\/\">1991<\/a><\/p>\n\n\n\n<p class=\"wp-block-paragraph\"><a href=\"https:\/\/serialectrice.com\/index.php\/2022\/08\/27\/la-memoire-fantome\/\">La m\u00e9moire fant\u00f4me<\/a><\/p>\n\n\n\n<p class=\"wp-block-paragraph\"><a href=\"https:\/\/serialectrice.com\/index.php\/2022\/09\/20\/le-syndrome-e\/\">Le syndr\u00f4me [E] <\/a><\/p>\n\n\n\n<p class=\"wp-block-paragraph\"><a href=\"https:\/\/serialectrice.com\/index.php\/2022\/11\/19\/gataca\/\">Gataca<\/a><\/p>\n\n\n\n<p class=\"wp-block-paragraph\"><a href=\"https:\/\/serialectrice.com\/index.php\/2022\/12\/27\/atom-ka-_-franck-thilliez\/\">Atom[ka]<\/a><\/p>\n\n\n\n<p class=\"wp-block-paragraph\"><a href=\"https:\/\/serialectrice.com\/index.php\/2024\/06\/12\/norferville\/\">Norferville<\/a><\/p>\n\n\n\n<p class=\"wp-block-paragraph\">Fractures (\u00e0 venir)<\/p>\n\n\n\n<h4 class=\"wp-block-heading\">Thirkell, Angela<\/h4>\n\n\n\n<p class=\"wp-block-paragraph\">Bienvenue \u00e0 High Rising ( \u00e0 venir )<\/p>\n\n\n\n<h4 class=\"wp-block-heading\">Thomas, Marie<\/h4>\n\n\n\n<p class=\"wp-block-paragraph\"><a href=\"https:\/\/serialectrice.com\/index.php\/2023\/10\/14\/a-toutes-les-ames-dechues\/\">A toutes les \u00e2mes d\u00e9chues<\/a><\/p>\n\n\n\n<h4 class=\"wp-block-heading\">Tixier, Jean-Christophe<\/h4>\n\n\n\n<p class=\"wp-block-paragraph\"><a href=\"https:\/\/serialectrice.com\/index.php\/2021\/03\/13\/les-mal-aimes\/\">Les mal-aim\u00e9s<\/a><\/p>\n\n\n\n<h4 class=\"wp-block-heading\">Turton, Stuart<\/h4>\n\n\n\n<p class=\"wp-block-paragraph\">Les sept morts d&rsquo;Evelyn Hardcastle (\u00e0 venir)<\/p>\n\n\n\n<h4 class=\"wp-block-heading\">Tuti, Ilaria<\/h4>\n\n\n\n<p class=\"wp-block-paragraph\"><a href=\"https:\/\/serialectrice.com\/index.php\/2020\/08\/01\/sur-le-toit-de-lenfer-_-ilaria-tuti\/\">Sur le toit de l&rsquo;enfer<\/a><\/p>\n\n\n\n<h4 class=\"wp-block-heading\">Tolstoi<\/h4>\n\n\n\n<p class=\"wp-block-paragraph\"><a href=\"https:\/\/serialectrice.com\/index.php\/2021\/03\/05\/anna-karenine-_-tolstoi\/\">Anna Kar\u00e9nine<\/a><\/p>\n\n\n\n<h4 class=\"wp-block-heading\">Trigiani, Adriana<\/h4>\n\n\n\n<p class=\"wp-block-paragraph\"><a href=\"https:\/\/serialectrice.com\/index.php\/2021\/08\/23\/bienvenue-a-big-stone-gap\/\">Bienvenue \u00e0 Big Stone Gap <\/a><\/p>\n\n\n\n<h4 class=\"wp-block-heading\">Trompette, Laura<\/h4>\n\n\n\n<p class=\"wp-block-paragraph\"><a href=\"https:\/\/serialectrice.com\/index.php\/2022\/02\/20\/la-reverence-de-l-elephant\/\">La r\u00e9v\u00e9rence de l&rsquo;\u00e9l\u00e9phant <\/a><\/p>\n\n\n\n<h4 class=\"wp-block-heading\">Troyat, Henri<\/h4>\n\n\n\n<p class=\"wp-block-paragraph\"><a href=\"https:\/\/serialectrice.com\/index.php\/2023\/10\/16\/la-pierre-la-feuille-et-les-ciseaux\/\">La pierre, la feuille et les ciseaux<\/a><\/p>\n\n\n\n<h4 class=\"wp-block-heading\">Tuckova, Katerina<\/h4>\n\n\n\n<p class=\"wp-block-paragraph\"><a href=\"https:\/\/serialectrice.com\/index.php\/2024\/12\/07\/les-exilees-de-moravie-_-katerina-tuckova\/\">Les exil\u00e9es de Moravie<\/a><\/p>\n\n\n\n<h4 class=\"wp-block-heading\">Tudose, Mioara<\/h4>\n\n\n\n<p class=\"wp-block-paragraph\"><a href=\"https:\/\/serialectrice.com\/index.php\/2024\/07\/31\/fleur-une-histoire-roumaine\/\">Fleur, une histoire roumaine<\/a><\/p>\n\n\n\n<h4 class=\"wp-block-heading\">Twain, Mark<\/h4>\n\n\n\n<p class=\"wp-block-paragraph\"><a href=\"https:\/\/serialectrice.com\/index.php\/2023\/08\/14\/les-aventures-de-tom-sawyer\/\">Les aventures de Tom Sawyer<\/a><\/p>\n\n\n\n<h2 class=\"wp-block-heading\" id=\"U\">U<\/h2>\n\n\n\n<h3 class=\"wp-block-heading\">Usher, Shaun<\/h3>\n\n\n\n<p class=\"wp-block-paragraph\"><a href=\"https:\/\/serialectrice.com\/index.php\/2021\/12\/11\/au-bonheur-des-lettres\/\">Au bonheur des lettres<\/a><\/p>\n\n\n\n<h4 class=\"wp-block-heading\">Utroi, Wendall<\/h4>\n\n\n\n<p class=\"wp-block-paragraph\"><a href=\"https:\/\/serialectrice.com\/index.php\/2021\/07\/04\/les-yeux-dava-_-wendall-utroi\/\">Les yeux d&rsquo;Ava<\/a><\/p>\n\n\n\n<p class=\"wp-block-paragraph\"><a href=\"https:\/\/serialectrice.com\/index.php\/2022\/05\/11\/le-paradis-des-vauriens\/\">Le paradis des vauriens <\/a><\/p>\n\n\n\n<h2 class=\"wp-block-heading\" id=\"V\">V<\/h2>\n\n\n\n<h4 class=\"wp-block-heading\">Valognes, Aur\u00e9lie<\/h4>\n\n\n\n<p class=\"wp-block-paragraph\"><a href=\"https:\/\/serialectrice.com\/index.php\/2020\/12\/27\/meme-dans-les-orties-_-aurelie-valognes\/\">M\u00e9m\u00e9 dans les orties <\/a><\/p>\n\n\n\n<h4 class=\"wp-block-heading\">Vanderah, Glendy<\/h4>\n\n\n\n<p class=\"wp-block-paragraph\"><a href=\"https:\/\/serialectrice.com\/index.php\/2023\/04\/09\/la-ou-les-arbres-rencontrent-les-etoiles\/\">L\u00e0 o\u00f9 les arbres rencontrent les \u00e9toiles<\/a><\/p>\n\n\n\n<h4 class=\"wp-block-heading\">Vanneuville, Sandrine<\/h4>\n\n\n\n<p class=\"wp-block-paragraph\"><a href=\"https:\/\/serialectrice.com\/index.php\/2023\/07\/05\/j-ai-faim-d-amour\/\">J&rsquo;ai faim d&rsquo;amou<\/a>r<\/p>\n\n\n\n<p class=\"wp-block-paragraph\"><a href=\"https:\/\/serialectrice.com\/index.php\/2024\/06\/05\/je-me-suis-tant-attendue\/\">Je me suis tant attendue<\/a><\/p>\n\n\n\n<h4 class=\"wp-block-heading\">Vannier, Nicolas<\/h4>\n\n\n\n<p class=\"wp-block-paragraph\">L&rsquo;or sur la glace (\u00e0 venir)<\/p>\n\n\n\n<h4 class=\"wp-block-heading\">Vareille, Marie<\/h4>\n\n\n\n<p class=\"wp-block-paragraph\"><a href=\"https:\/\/serialectrice.com\/index.php\/2022\/02\/18\/la-vie-revee-des-chaussettes-orphelines\/\">La vie r\u00eav\u00e9e des chaussettes orphelines <\/a><\/p>\n\n\n\n<p class=\"wp-block-paragraph\"><a href=\"https:\/\/serialectrice.com\/index.php\/2022\/09\/08\/desenchantees\/\">D\u00e9senchant\u00e9es<\/a><\/p>\n\n\n\n<p class=\"wp-block-paragraph\"><a href=\"https:\/\/serialectrice.com\/index.php\/2022\/09\/11\/ainsi-gelent-les-bulles-de-savon\/\">Ainsi g\u00e8lent les bulles de savon<\/a><\/p>\n\n\n\n<p class=\"wp-block-paragraph\"><a href=\"https:\/\/serialectrice.com\/index.php\/2024\/07\/09\/le-syndrome-du-spaghetti\/\">Le syndrome du spaghetti<\/a><\/p>\n\n\n\n<p class=\"wp-block-paragraph\"><a href=\"https:\/\/serialectrice.com\/index.php\/2024\/04\/14\/la-derniere-allumette\/\">La derni\u00e8re allumette<\/a><\/p>\n\n\n\n<h4 class=\"wp-block-heading\">Ventrella, Rosa<\/h4>\n\n\n\n<p class=\"wp-block-paragraph\"><a href=\"https:\/\/serialectrice.com\/index.php\/2023\/05\/29\/beni-soit-le-pere\/\">B\u00e9ni soit le p\u00e8re<\/a><\/p>\n\n\n\n<h4 class=\"wp-block-heading\">Ventura, Maud<\/h4>\n\n\n\n<p class=\"wp-block-paragraph\"><a href=\"https:\/\/serialectrice.com\/index.php\/2025\/02\/24\/mon-mari-_-maud-ventura\/\">Mon mari<\/a><\/p>\n\n\n\n<h4 class=\"wp-block-heading\">Viggers, Karen<\/h4>\n\n\n\n<p class=\"wp-block-paragraph\"><a href=\"https:\/\/serialectrice.com\/index.php\/2022\/07\/08\/la-memoire-des-embruns-_-karen-viggers\/\">La m\u00e9moire des embruns<\/a><\/p>\n\n\n\n<h4 class=\"wp-block-heading\">Voltaire<\/h4>\n\n\n\n<p class=\"wp-block-paragraph\"><a href=\"https:\/\/serialectrice.com\/index.php\/2021\/12\/06\/micromegas-_-voltaire\/\">Microm\u00e9gas<\/a><\/p>\n\n\n\n<h2 class=\"wp-block-heading\" id=\"W\">W<\/h2>\n\n\n\n<h4 class=\"wp-block-heading\">Ware, Ruth<\/h4>\n\n\n\n<p class=\"wp-block-paragraph\"><a href=\"https:\/\/serialectrice.com\/index.php\/2022\/10\/16\/les-cinq-regles-du-mensonge\/\">Les cinq r\u00e8gles du mensonge<\/a><\/p>\n\n\n\n<h4 class=\"wp-block-heading\">Watson, S-J<\/h4>\n\n\n\n<p class=\"wp-block-paragraph\"><a href=\"https:\/\/serialectrice.com\/index.php\/2021\/09\/10\/disparues-_-s-j-watson\/\">Disparues<\/a><\/p>\n\n\n\n<h4 class=\"wp-block-heading\">Wiesner, Melissa<\/h4>\n\n\n\n<p class=\"wp-block-paragraph\"><a href=\"https:\/\/serialectrice.com\/index.php\/2024\/08\/20\/tout-me-ramene-a-toi\/\">Tout me ram\u00e8ne \u00e0 toi<\/a><\/p>\n\n\n\n<h4 class=\"wp-block-heading\">Wiggs, Susan<\/h4>\n\n\n\n<p class=\"wp-block-paragraph\"><a href=\"https:\/\/serialectrice.com\/index.php\/2025\/01\/11\/la-caresse-de-l-hiver\/\">La caresse de l&rsquo;hiver<\/a><\/p>\n\n\n\n<h4 class=\"wp-block-heading\">Wingate, Lisa<\/h4>\n\n\n\n<p class=\"wp-block-paragraph\"><a href=\"https:\/\/serialectrice.com\/index.php\/2022\/06\/11\/les-chemins-de-la-liberte\/\">Les chemins de la libert\u00e9<\/a><\/p>\n\n\n\n<h4 class=\"wp-block-heading\">Wiseman, Ellen Marie<\/h4>\n\n\n\n<p class=\"wp-block-paragraph\"><a href=\"https:\/\/serialectrice.com\/index.php\/2023\/03\/19\/la-ou-sont-tes-racines\/\">L\u00e0 o\u00f9 sont tes racines<\/a><\/p>\n\n\n\n<p class=\"wp-block-paragraph\"><a href=\"https:\/\/serialectrice.com\/index.php\/2023\/05\/23\/ce-qu-elle-a-laisse-derriere-elle\/\">Ce qu&rsquo;elle a laiss\u00e9 derri\u00e8re elle<\/a><\/p>\n\n\n\n<p class=\"wp-block-paragraph\"><a href=\"https:\/\/serialectrice.com\/index.php\/2024\/03\/21\/les-orphelins-de-philadelphie\/\">Les orphelins de Philadelphie<\/a><\/p>\n\n\n\n<h4 class=\"wp-block-heading\">Woodson, Jacqueline<\/h4>\n\n\n\n<p class=\"wp-block-paragraph\"><a href=\"https:\/\/serialectrice.com\/index.php\/2023\/07\/11\/de-feu-et-dor-_-jacqueline-woodson\/\">De feu et d&rsquo;or<\/a><\/p>\n\n\n\n<h4 class=\"wp-block-heading\">Wouters, Sophie<\/h4>\n\n\n\n<p class=\"wp-block-paragraph\"><a href=\"https:\/\/serialectrice.com\/index.php\/2023\/02\/27\/celestine-_-sophie-wouters\/\">C\u00e9lestine<\/a><\/p>\n\n\n\n<p class=\"wp-block-paragraph\"><a href=\"https:\/\/serialectrice.com\/index.php\/2024\/04\/18\/esprits-de-famille-_-sophie-wouters\/\">Esprits de famille<\/a><\/p>\n\n\n\n<h2 class=\"wp-block-heading\" id=\"X\">X<\/h2>\n\n\n\n<h4 class=\"wp-block-heading\">Xenophon<\/h4>\n\n\n\n<p class=\"wp-block-paragraph\"><a href=\"https:\/\/serialectrice.com\/?p=824\">Banquet<\/a> <\/p>\n\n\n\n<h2 class=\"wp-block-heading\" id=\"Y\">Y<\/h2>\n\n\n\n<h4 class=\"wp-block-heading\">Yan, Lianke<\/h4>\n\n\n\n<p class=\"wp-block-paragraph\"><a href=\"https:\/\/serialectrice.com\/index.php\/2022\/08\/15\/un-chant-celeste\/\">Un chant c\u00e9leste<\/a><\/p>\n\n\n\n<h4 class=\"wp-block-heading\">Yang, Jane<\/h4>\n\n\n\n<p class=\"wp-block-paragraph\"><a href=\"https:\/\/serialectrice.com\/index.php\/2025\/03\/13\/les-lotus-d-or\/\">Les lotus d&rsquo;or<\/a><\/p>\n\n\n\n<h4 class=\"wp-block-heading\">Yarmond, S.A<\/h4>\n\n\n\n<p class=\"wp-block-paragraph\"><a href=\"https:\/\/serialectrice.com\/index.php\/2023\/12\/09\/le-choeur-singulier-de-milly-davis-_-s-a-yarmond\/\">Le choeur singulier de Milly Davis<\/a><\/p>\n\n\n\n<h4 class=\"wp-block-heading\">Yourcenar, Marguerite<\/h4>\n\n\n\n<p class=\"wp-block-paragraph\"><a href=\"https:\/\/serialectrice.com\/index.php\/2021\/01\/20\/loeuvre-au-noir-_-marguerite-yourcenar\/\">L&rsquo;oeuvre au noir<\/a><\/p>\n\n\n\n<h2 class=\"wp-block-heading\" id=\"Z\">Z<\/h2>\n\n\n\n<h4 class=\"wp-block-heading\">Zafon, Carlos Ruiz<\/h4>\n\n\n\n<p class=\"wp-block-paragraph\"><a href=\"https:\/\/serialectrice.com\/index.php\/2022\/04\/13\/lombre-du-vent-_-carlos-ruiz-zafon\/\">L&rsquo;ombre du vent (T.1) <\/a><\/p>\n\n\n\n<h4 class=\"wp-block-heading\">Zananiri, Ch\u00e9rif<\/h4>\n\n\n\n<p class=\"wp-block-paragraph\"><a href=\"https:\/\/serialectrice.com\/index.php\/2021\/02\/16\/pisseur-au-vent-_-cherif-zananiri\/\">Pisseur au vent<\/a><\/p>\n\n\n\n<p class=\"wp-block-paragraph\"><a href=\"https:\/\/serialectrice.com\/index.php\/2024\/05\/19\/les-soeurs-marie-_-cherif-zananiri\/\">Les soeurs Marie<\/a><\/p>\n\n\n\n<h4 class=\"wp-block-heading\">Zolets, Yann<\/h4>\n\n\n\n<p class=\"wp-block-paragraph\"><a href=\"https:\/\/serialectrice.com\/index.php\/2021\/09\/15\/le-hors-la-vie-_-yann-zolets\/\">Le hors la vie <\/a><\/p>\n\n\n\n<p class=\"wp-block-paragraph\"><\/p>\n","protected":false},"excerpt":{"rendered":"<p>Vous retrouverez sur cette page tous les livres chroniqu\u00e9s depuis le d\u00e9but du blog, class\u00e9s par auteur. A B C D E F G H I J K L M N O P Q R S T U V W X Y Z A Abbs, Annabel La fille de Joyce Miss Eliza Abel, Barbara Les f\u00ealures Adebami;, Adebayo Au temps des damn\u00e9s et des b\u00e9nis Adhemar, Maylis La grande ourse Aegsdottir, Eva Bjorg Elma (\u00e0 venir) Alder-Olsen, Jussi Sel Alix, C\u00e9cile Regarder l&rsquo;orage dans les yeux Andrea, Jean-Baptiste Veiller sur elle Antoine, Am\u00e9lie Le bonheur l&#8217;emportera Pourquoi tu pleures ? &hellip; <\/p>\n","protected":false},"author":1,"featured_media":0,"parent":0,"menu_order":0,"comment_status":"closed","ping_status":"closed","template":"","meta":{"_crdt_document":"","om_disable_all_campaigns":false,"_uag_custom_page_level_css":"","_monsterinsights_skip_tracking":false,"_monsterinsights_sitenote_active":false,"_monsterinsights_sitenote_note":"","_monsterinsights_sitenote_category":0,"_uf_show_specific_survey":0,"_uf_disable_surveys":false,"footnotes":""},"class_list":["post-803","page","type-page","status-publish","hentry"],"aioseo_notices":[],"uagb_featured_image_src":{"full":false,"thumbnail":false,"medium":false,"medium_large":false,"large":false,"post-slider-thumb-size":false,"post-category-slider-size":false,"1536x1536":false,"2048x2048":false,"hello-fashion-slider":false,"hello-fashion-blog-three":false,"hello-fashion-blog-four":false,"vilva-slider-one":false,"vilva-featured-four":false,"vilva-blog":false,"vilva-blog-one":false,"vilva-sidebar":false},"uagb_author_info":{"display_name":"SeriaLectrice","author_link":"https:\/\/serialectrice.com\/index.php\/author\/cilounegmail-com\/"},"uagb_comment_info":0,"uagb_excerpt":"Vous retrouverez sur cette page tous les livres chroniqu\u00e9s depuis le d\u00e9but du blog, class\u00e9s par auteur. A B C D E F G H I J K L M N O P Q R S T U V W X Y Z A Abbs, Annabel La fille de Joyce Miss Eliza Abel, Barbara Les\u2026","jetpack_sharing_enabled":true,"jetpack_likes_enabled":true,"_links":{"self":[{"href":"https:\/\/serialectrice.com\/index.php\/wp-json\/wp\/v2\/pages\/803","targetHints":{"allow":["GET"]}}],"collection":[{"href":"https:\/\/serialectrice.com\/index.php\/wp-json\/wp\/v2\/pages"}],"about":[{"href":"https:\/\/serialectrice.com\/index.php\/wp-json\/wp\/v2\/types\/page"}],"author":[{"embeddable":true,"href":"https:\/\/serialectrice.com\/index.php\/wp-json\/wp\/v2\/users\/1"}],"replies":[{"embeddable":true,"href":"https:\/\/serialectrice.com\/index.php\/wp-json\/wp\/v2\/comments?post=803"}],"version-history":[{"count":6,"href":"https:\/\/serialectrice.com\/index.php\/wp-json\/wp\/v2\/pages\/803\/revisions"}],"predecessor-version":[{"id":6322,"href":"https:\/\/serialectrice.com\/index.php\/wp-json\/wp\/v2\/pages\/803\/revisions\/6322"}],"wp:attachment":[{"href":"https:\/\/serialectrice.com\/index.php\/wp-json\/wp\/v2\/media?parent=803"}],"curies":[{"name":"wp","href":"https:\/\/api.w.org\/{rel}","templated":true}]}}